{"id":4612,"date":"2022-02-07T18:54:53","date_gmt":"2022-02-07T17:54:53","guid":{"rendered":"http:\/\/bibienfoto.sk\/?page_id=4612"},"modified":"2023-04-23T19:19:41","modified_gmt":"2023-04-23T17:19:41","slug":"informacie-tehotne","status":"publish","type":"page","link":"https:\/\/bibienfoto.sk\/index.php\/informacie-o-foteniach\/informacie-tehotne\/","title":{"rendered":"Informacie tehotne"},"content":{"rendered":"\t\t<div data-elementor-type=\"wp-page\" data-elementor-id=\"4612\" class=\"elementor elementor-4612\">\n\t\t\t\t\t\t<section class=\"elementor-section elementor-top-section elementor-element elementor-element-c204a42 elementor-section-boxed elementor-section-height-default elementor-section-height-default\" data-id=\"c204a42\" data-element_type=\"section\" data-e-type=\"section\">\n\t\t\t\t\t\t<div class=\"elementor-container elementor-column-gap-default\">\n\t\t\t\t\t<div class=\"elementor-column elementor-col-100 elementor-top-column elementor-element elementor-element-8cd705a\" data-id=\"8cd705a\" data-element_type=\"column\" data-e-type=\"column\">\n\t\t\t<div class=\"elementor-widget-wrap elementor-element-populated\">\n\t\t\t\t\t\t<div class=\"elementor-element elementor-element-8d0e2b8 elementor-widget elementor-widget-menu-anchor\" data-id=\"8d0e2b8\" data-element_type=\"widget\" data-e-type=\"widget\" data-widget_type=\"menu-anchor.default\">\n\t\t\t\t<div class=\"elementor-widget-container\">\n\t\t\t\t\t\t\t<div class=\"elementor-menu-anchor\" id=\"InfoNovorodenci\"><\/div>\n\t\t\t\t\t\t<\/div>\n\t\t\t\t<\/div>\n\t\t\t\t<div class=\"elementor-element elementor-element-b5b3b56 elementor-widget elementor-widget-heading\" data-id=\"b5b3b56\" data-element_type=\"widget\" data-e-type=\"widget\" data-widget_type=\"heading.default\">\n\t\t\t\t<div class=\"elementor-widget-container\">\n\t\t\t\t\t<h1 class=\"elementor-heading-title elementor-size-default\">Tehotensk\u00e9 fotenie<\/h1>\t\t\t\t<\/div>\n\t\t\t\t<\/div>\n\t\t\t\t<section class=\"elementor-section elementor-inner-section elementor-element elementor-element-d9d8e5c elementor-section-boxed elementor-section-height-default elementor-section-height-default\" data-id=\"d9d8e5c\" data-element_type=\"section\" data-e-type=\"section\">\n\t\t\t\t\t\t<div class=\"elementor-container elementor-column-gap-default\">\n\t\t\t\t\t<div class=\"elementor-column elementor-col-100 elementor-inner-column elementor-element elementor-element-36dbecb\" data-id=\"36dbecb\" data-element_type=\"column\" data-e-type=\"column\">\n\t\t\t<div class=\"elementor-widget-wrap elementor-element-populated\">\n\t\t\t\t\t\t<div class=\"elementor-element elementor-element-8c9690c elementor-widget elementor-widget-text-editor\" data-id=\"8c9690c\" data-element_type=\"widget\" data-e-type=\"widget\" data-widget_type=\"text-editor.default\">\n\t\t\t\t<div class=\"elementor-widget-container\">\n\t\t\t\t\t\t\t\t\t<p><img fetchpriority=\"high\" decoding=\"async\" class=\"alignleft wp-image-1638\" src=\"https:\/\/bibienfoto.sk\/wp-content\/uploads\/2021\/09\/11_201229_Alenka_tehu_06-300x214.jpg\" alt=\"\" width=\"400\" height=\"285\" srcset=\"https:\/\/bibienfoto.sk\/wp-content\/uploads\/2021\/09\/11_201229_Alenka_tehu_06-300x214.jpg 300w, https:\/\/bibienfoto.sk\/wp-content\/uploads\/2021\/09\/11_201229_Alenka_tehu_06-1024x730.jpg 1024w, https:\/\/bibienfoto.sk\/wp-content\/uploads\/2021\/09\/11_201229_Alenka_tehu_06-768x548.jpg 768w, https:\/\/bibienfoto.sk\/wp-content\/uploads\/2021\/09\/11_201229_Alenka_tehu_06.jpg 1280w\" sizes=\"(max-width: 400px) 100vw, 400px\" \/><\/p><div id=\"lipsum\"><p>O\u010dak\u00e1vanie nov\u00e9ho pr\u00edrastku je jedno z najkraj\u0161\u00edch obdob\u00ed v \u017eivote \u017eeny. Rast\u00face bru\u0161ko pristane ka\u017edej bud\u00facej mami\u010dke. Ka\u017ed\u00e1 mami\u010dka je po\u010das tehotenstva v\u00fdnimo\u010dne kr\u00e1sna a o\u010daruj\u00faca. Sna\u017e\u00edm sa prenies\u0165 t\u00fato v\u00fdnimo\u010dnos\u0165 do fotografi\u00ed a vytvori\u0165 tak nezabudnute\u013en\u00e9 spomienky, ktor\u00e9 v\u00e1m ostan\u00fa po cel\u00fd \u017eivot.<\/p><p>Pok\u00fasim sa v\u00e1m odpoveda\u0165 na najd\u00f4le\u017eitej\u0161ie ot\u00e1zky t\u00fdkaj\u00face sa tehotensk\u00e9ho fotenia.\u00a0 Ak by ste tu ale nie\u010do nena\u0161li, alebo chcete podrobnej\u0161ie detaily, nev\u00e1hajte ma kontaktova\u0165 telefonicky alebo cez <a href=\"https:\/\/bibienfoto.sk\/index.php\/kontaknty-formular\/\">formul\u00e1r<\/a>.\u00a0<\/p><p><style><\/style><\/p><\/div>\t\t\t\t\t\t\t\t<\/div>\n\t\t\t\t<\/div>\n\t\t\t\t<div class=\"elementor-element elementor-element-e2238ab elementor-widget elementor-widget-text-editor\" data-id=\"e2238ab\" data-element_type=\"widget\" data-e-type=\"widget\" data-widget_type=\"text-editor.default\">\n\t\t\t\t<div class=\"elementor-widget-container\">\n\t\t\t\t\t\t\t\t\t<p><img decoding=\"async\" class=\"alignright wp-image-1646\" src=\"https:\/\/bibienfoto.sk\/wp-content\/uploads\/2021\/09\/01_200509_tehu-fotenie_30-e1633615540341-300x200.jpg\" alt=\"\" width=\"400\" height=\"267\" srcset=\"https:\/\/bibienfoto.sk\/wp-content\/uploads\/2021\/09\/01_200509_tehu-fotenie_30-e1633615540341-300x200.jpg 300w, https:\/\/bibienfoto.sk\/wp-content\/uploads\/2021\/09\/01_200509_tehu-fotenie_30-e1633615540341-1024x683.jpg 1024w, https:\/\/bibienfoto.sk\/wp-content\/uploads\/2021\/09\/01_200509_tehu-fotenie_30-e1633615540341-768x512.jpg 768w, https:\/\/bibienfoto.sk\/wp-content\/uploads\/2021\/09\/01_200509_tehu-fotenie_30-e1633615540341.jpg 1280w\" sizes=\"(max-width: 400px) 100vw, 400px\" \/><em><strong>Kedy je najlep\u0161ie objedna\u0165 sa na tehotensk\u00e9 fotenie?<\/strong><\/em><\/p>\n<p>Pri ka\u017edom foten\u00ed plat\u00ed, \u017ee ak chcete ma\u0165 istotu term\u00ednu, je dobr\u00e9 sa <strong>objedna\u0165 vopred<\/strong>.&nbsp; Pri tehotenskom foten\u00ed sta\u010d\u00ed okolo <strong>20.teho<\/strong> t\u00fd\u017ed\u0148a tehotenstva. Ak to bude v mojich sil\u00e1ch, tak samozrejme rada v\u00e1s vezmem aj ke\u010f ste sa pozabudli alebo rozhodli a\u017e na &#8220;posledn\u00fa chv\u00ed\u013eu&#8221;.<\/p>\n<p><em><strong>Kedy je najvhodnej\u0161\u00ed \u010das na tehotensk\u00e9 fotenie?<\/strong><\/em><\/p>\n<p>Ide\u00e1lny \u010das na fotenie s bru\u0161kom je <strong>medzi 28. -33. t\u00fd\u017ed\u0148om tehotenstva<\/strong>. Vtedy je&nbsp; bru\u0161ko v\u00e4\u010d\u0161inou u\u017e pekne ve\u013ek\u00e9, ale e\u0161te v\u00e1s neobmedzuje. \u017dena je v tomto obdob\u00ed v\u00e4\u010d\u0161inou pln\u00e1 energie a nad\u0161enia, l\u00e1ska a o\u010dak\u00e1vanie z nej priam \u017eiaria. Je to ale individu\u00e1lne, d\u00f4le\u017eit\u00e9 je, aby bru\u0161ko bolo u\u017e pekne gu\u013eat\u00e9, ale e\u0161te nie moc obrovsk\u00e9.<br>D\u00e1 sa foti\u0165 samozrejme aj nesk\u00f4r, dokonca aj okolo konca tehotenstva, len treba u\u017e po\u010d\u00edta\u0165 s obmedzeniami.&nbsp; Bru\u0161ko je vtedy u\u017e dos\u0165 ve\u013ek\u00e9 a mami\u010dky sa zvykn\u00fa citi\u0165 nekomfortne. M\u00f4\u017ee sa v\u00e1m aj&nbsp; \u0165a\u017e\u0161ie d\u00fdcha\u0165, \u010di polohova\u0165, dokonca&nbsp; niektor\u00e9 polohy m\u00f4\u017eu by\u0165 aj nezvl\u00e1dnute\u013en\u00e9.&nbsp; V\u017edy ale vieme n\u00e1js\u0165 sp\u00f4sob ako nafoti\u0165 kr\u00e1sne z\u00e1bery a spomienky aj v tomto obdob\u00ed tesne pred p\u00f4rodom.<\/p>\n<p><em><strong><img decoding=\"async\" class=\"wp-image-4426 alignleft\" src=\"https:\/\/bibienfoto.sk\/wp-content\/uploads\/2022\/02\/210909_Domi-tehu_1_insta-e1644266992948-300x200.jpg\" alt=\"\" width=\"400\" height=\"267\" srcset=\"https:\/\/bibienfoto.sk\/wp-content\/uploads\/2022\/02\/210909_Domi-tehu_1_insta-e1644266992948-300x200.jpg 300w, https:\/\/bibienfoto.sk\/wp-content\/uploads\/2022\/02\/210909_Domi-tehu_1_insta-e1644266992948-1024x683.jpg 1024w, https:\/\/bibienfoto.sk\/wp-content\/uploads\/2022\/02\/210909_Domi-tehu_1_insta-e1644266992948-768x513.jpg 768w, https:\/\/bibienfoto.sk\/wp-content\/uploads\/2022\/02\/210909_Domi-tehu_1_insta-e1644266992948.jpg 1350w\" sizes=\"(max-width: 400px) 100vw, 400px\" \/>Kde prebieha fotografovanie?<\/strong><\/em><\/p>\n<p>Foti\u0165 m\u00f4\u017eeme <strong>v ateli\u00e9ri alebo vonku v pr\u00edrode<\/strong>.<br><strong>Ateli\u00e9r<\/strong> je vhodn\u00fd na <strong>int\u00edmnej\u0161ie z\u00e1bery alebo jednoduch\u00e9, \u010dist\u00e9<\/strong> tehotensk\u00e9 fotografie, kde vynikn\u00fa krivky a kr\u00e1sa v\u00e1\u0161ho tehotensk\u00e9ho bru\u0161ka. Taktie\u017e je vhodn\u00fd na fotenie po\u010das zimy, alebo ke\u010f po\u010dasie nedovo\u013euje foti\u0165 vonku. M\u00f4j ateli\u00e9r je rodinn\u00e9ho typu. Vieme nafoti\u0165 \u00fatuln\u00e9 romantick\u00e9 fotky, pln\u00e9 nehy a l\u00e1sky. Z\u00e1rove\u0148 m\u00e1m v ateli\u00e9ri aj <strong>biele a \u010dierne pozadie<\/strong>. Na nich sa sna\u017e\u00edm foti\u0165 <strong>minimalistick\u00e9 z\u00e1bery, \u010dist\u00e9, jemn\u00e9 a decentn\u00e9<\/strong>.<br><strong>Fotenie vonku<\/strong> je mo\u017en\u00e9 kedyko\u013evek po\u010das roka, ak to po\u010dasie dovo\u013euje. Ide\u00e1lne je foti\u0165 <strong>pred z\u00e1padom slnka<\/strong>, kedy je kr\u00e1sne svetlo a dod\u00e1va fotk\u00e1m <strong>rozpr\u00e1vkov\u00fa romantick\u00fa atmosf\u00e9ru<\/strong>. Konkr\u00e9tnu lokalitu vyberieme spolo\u010dne pred foten\u00edm. M\u00f4\u017eeme \u00eds\u0165 do mesta, do parku, na zn\u00e1me miesta alebo niekde do lesa \u010di do pr\u00edrody, kde n\u00e1s nikto nebude ru\u0161i\u0165.&nbsp; Vieme vyu\u017ei\u0165 aj lokality, ktor\u00e9 s\u00fa&nbsp; va\u0161e ob\u013e\u00faben\u00e9 alebo vieme \u00eds\u0165 na \u00faplne nezn\u00e1me&nbsp; miesto a objavova\u0165 nie\u010do nov\u00e9. Z\u00e1vis\u00ed len od v\u00e1s, <strong>kde sa budete c\u00edti\u0165 dobre a uvo\u013enene<\/strong>.<img loading=\"lazy\" decoding=\"async\" class=\"alignright wp-image-3399\" src=\"https:\/\/bibienfoto.sk\/wp-content\/uploads\/2021\/09\/211020_fotka_07_web-200x300.jpg\" alt=\"\" width=\"400\" height=\"600\" srcset=\"https:\/\/bibienfoto.sk\/wp-content\/uploads\/2021\/09\/211020_fotka_07_web-200x300.jpg 200w, https:\/\/bibienfoto.sk\/wp-content\/uploads\/2021\/09\/211020_fotka_07_web-682x1024.jpg 682w, https:\/\/bibienfoto.sk\/wp-content\/uploads\/2021\/09\/211020_fotka_07_web-768x1152.jpg 768w, https:\/\/bibienfoto.sk\/wp-content\/uploads\/2021\/09\/211020_fotka_07_web.jpg 853w\" sizes=\"(max-width: 400px) 100vw, 400px\" \/><\/p>\n<p><em><strong>Ako dlho trv\u00e1 tehotensk\u00e9 fotenie?<\/strong><\/em><\/p>\n<p>Tehotensk\u00e9 fotenia realizujem cez pracovn\u00e9 dni, v \u010dase pod\u013ea dohody. Samotn\u00e9 fotografovanie trv\u00e1 v\u00e4\u010d\u0161inou <strong>1-2 hodiny<\/strong>, z\u00e1vis\u00ed od vybran\u00e9ho bal\u00ed\u010dka. A tie\u017e od ve\u013ekosti a zlo\u017eenia&nbsp; rodiny,&nbsp; ktor\u00e1 sa fot\u00ed. Dlh\u0161ie bude trva\u0165 fotenie s ve\u013ekou rodinou alebo s mal\u00fdmi de\u0165mi, tak isto dlh\u0161ie trv\u00e1 fotenie v ateli\u00e9ri, ke\u010f sa mami\u010dka prezlieka do viacer\u00fdch outfitov. Vonku fot\u00edme v\u00e4\u010d\u0161inou v jednom oble\u010den\u00ed, ale vari\u00e1cie vieme urobi\u0165 r\u00f4znymi doplnkami (\u0161atka, svetr\u00edk, kab\u00e1tik, \u010delenka, rozpusten\u00e9 vlasy alebo v gumi\u010dke&#8230;) R\u00f4znorod\u00e9 fotky vznikaj\u00fa aj zmenou svetla po\u010das fotenia, \u010di vyu\u017eit\u00edm r\u00f4znych z\u00e1kut\u00ed v danej lokalite.<\/p>\n<p><em><strong>\u010co si m\u00e1me obliec\u0165 ?<\/strong><\/em><\/p>\n<p><strong>V\u00fdber oble\u010denia je ve\u013emi d\u00f4le\u017eit\u00fd<\/strong>. Okrem v\u0161eobecne platnej z\u00e1sady <strong>farebne sa zladi\u0165<\/strong> s partnerom \u010di celou rodinou, treba myslie\u0165 aj na to, \u017ee chceme<strong> zvidite\u013eni\u0165 a prezentova\u0165 hlavne rast\u00face bru\u0161ko<\/strong>. Rovnako treba bra\u0165 do \u00favahy aj to, kde budeme foti\u0165, \u010di v ateli\u00e9ri alebo vonku v pr\u00edrode.<br>Bez oh\u013eadu na miesto fotenia s\u00fa na tehotensk\u00e9 fotografovanie vhodn\u00e9 dlh\u00e9&nbsp;<strong>obtiahnut\u00e9 ale aj padav\u00e9 \u0161aty<\/strong>, ktor\u00fdmi sa d\u00e1 zv\u00fdrazni\u0165 tvar bru\u0161ka. V\u00fdbornou vo\u013ebou m\u00f4\u017ee by\u0165 aj <strong>obtiahnut\u00e9 tri\u010dko, tielko doplnen\u00e9 svetr\u00edkom, bolerkom alebo bundi\u010dkou, vo\u013en\u00e1 biela ko\u0161e\u013ea a rifle<\/strong>, suk\u0148a pod bru\u0161ko, alebo <strong>leg\u00edny, \u010di obtiahnut\u00e9 kra\u0165asky<\/strong>.<br>V\u017edy vo\u013ete rad\u0161ej jednoduch\u00e9 <strong>jednofarebn\u00e9<\/strong> oble\u010denie. Na fotenie vonku s\u00fa vhodn\u00e9<strong> biele, svetl\u00e9, pastelov\u00e9<\/strong> alebo <strong>zemit\u00e9<\/strong> farby (z\u00e1vis\u00ed aj od miesta fotenia).<br>Do ateli\u00e9ru sa hodia <strong>biele<\/strong>, <strong>svetl\u00e9<\/strong> farby, ale m\u00f4\u017ee by\u0165 aj in\u00e1 farba, ktor\u00e1 urob\u00ed kontrast s pozad\u00edm, dokonca aj <strong>\u010dierna<\/strong>. (Do pr\u00edrody by som \u010diernu neodpor\u00fa\u010dala). Navy\u0161e v ateli\u00e9ri ve\u013emi pekne uk\u00e1\u017eu fotky v <strong>spodnom pr\u00e1dle<\/strong> bielej, telovej alebo \u010diernej farby, hod\u00ed sa aj <strong>\u010dipkovan\u00e9 pr\u00e1dlo<\/strong> \u010di <strong>elegantn\u00e9 body<\/strong>.<\/p>\n<p>Ve\u013emi podstatn\u00e9 je, aby ste pred foten\u00edm <strong>nemali<\/strong> oble\u010den\u00e9 ni\u010d, \u010do v\u00e1m urob\u00ed <strong>otla\u010dky<\/strong> na tele a hlavne na bru\u0161ku. V de\u0148 fotenia teda nenoste pono\u017eky s tesnou gumi\u010dkou, \u00fazke podprsenky, ve\u013emi priliehav\u00e9 pr\u00e1dlo, pan\u010duchy alebo tehotensk\u00e9 nohavice cez bru\u0161ko.<br>V pr\u00edpade,&nbsp; \u017ee sa neviete rozhodn\u00fa\u0165, alebo si nie ste ist\u00e1, \u010di je va\u0161a vo\u013eba vhodn\u00e1, rada v\u00e1m porad\u00edm a vyberieme styling spolu.<br>Zop\u00e1r \u0161iat m\u00e1m k dispoz\u00edcii aj u m\u0148a v ateli\u00e9ri, m\u00f4\u017eete si ich bezplatne zapo\u017ei\u010da\u0165.<\/p>\n<p><em><strong><img loading=\"lazy\" decoding=\"async\" class=\"alignleft wp-image-1633\" src=\"https:\/\/bibienfoto.sk\/wp-content\/uploads\/2021\/09\/05_200520_Erika_tehu_13-200x300.jpg\" alt=\"\" width=\"400\" height=\"600\" srcset=\"https:\/\/bibienfoto.sk\/wp-content\/uploads\/2021\/09\/05_200520_Erika_tehu_13-200x300.jpg 200w, https:\/\/bibienfoto.sk\/wp-content\/uploads\/2021\/09\/05_200520_Erika_tehu_13-682x1024.jpg 682w, https:\/\/bibienfoto.sk\/wp-content\/uploads\/2021\/09\/05_200520_Erika_tehu_13-768x1152.jpg 768w, https:\/\/bibienfoto.sk\/wp-content\/uploads\/2021\/09\/05_200520_Erika_tehu_13.jpg 853w\" sizes=\"(max-width: 400px) 100vw, 400px\" \/>Ako si vyberiem fotky po foten\u00ed?<\/strong><\/em><\/p>\n<p>Do 5 pracovn\u00fdch dn\u00ed po foten\u00ed v\u00e1m po\u0161lem mail s n\u00e1h\u013eadovou gal\u00e9riou. N\u00e1h\u013eady s\u00fa neretu\u0161ovan\u00e9 fotky, ktor\u00e9 sl\u00fa\u017eia len na v\u00fdber z\u00e1berov k \u010fal\u0161iemu spracovaniu. V maili bud\u00fa aj pokyny, ako si vybra\u0165 a ako mi zasla\u0165 v\u00e1\u0161 v\u00fdber.<br>Dovol\u00edm si upozorni\u0165, \u017ee <strong>neupraven\u00e9 z\u00e1bery neposkytujem<\/strong>. (Na fotografie sa vz\u0165ahuj\u00fa autorsk\u00e9 pr\u00e1va, preto je ich ak\u00e1ko\u013evek \u00faprava zak\u00e1zan\u00e1. Neupraven\u00e9 fotografie (n\u00e1h\u013eady) s\u00fa v\u00fdhradn\u00fdm vlastn\u00edctvom fotografa a je zak\u00e1zan\u00e9 ich klientom&nbsp; akoko\u013evek zverej\u0148ova\u0165, zdie\u013ea\u0165 alebo upravova\u0165.) V pr\u00edpade, \u017ee sa v\u00e1m p\u00e1\u010di viac fotografi\u00ed, ako je v objednanom bal\u00ed\u010dku, je&nbsp; mo\u017en\u00e9 dok\u00fapi\u0165 z\u00e1bery <strong>nad r\u00e1mec objednan\u00e9ho bal\u00ed\u010dka<\/strong>.<\/p>\n<p><em><strong>Ako dlho trv\u00e1 spracovanie fotografi\u00ed?<\/strong><\/em><\/p>\n<p>Aktu\u00e1lne je doba spracovania <strong>8 t\u00fd\u017ed\u0148ov<\/strong>. Sna\u017e\u00edm sa spracova\u0165 \u010do najsk\u00f4r, ale je lep\u0161ie ak po\u010d\u00edtate s t\u00fdmi cca 2 mesiacmi. V\u00fdnimo\u010dne sa m\u00f4\u017ee doba pred\u013a\u017ei\u0165, a to v pr\u00edpade nepredv\u00eddan\u00fdch udalost\u00ed, ktor\u00e9 neviem ovplyvni\u0165, ako napr. choroba a pod.<\/p>\n<p><em><strong>\u010co je zahrnut\u00e9 v tehotenskom foten\u00ed?<\/strong><\/em><\/p>\n<p>Vo v\u0161eobecnosti&nbsp; je v tehotenskom fotografovan\u00ed zahrnut\u00e9 samotn\u00e9 fotenie v 1-3 stylingoch, retu\u0161ovanie a tla\u010d vybran\u00fdch fotografi\u00ed, a odovzdanie elektronicky alebo na usb.&nbsp; Konkr\u00e9tne to z\u00e1vis\u00ed od v\u00fdberu bal\u00ed\u010dka. Detaily n\u00e1jdete v cenn\u00edku pri inform\u00e1ci\u00e1ch o bal\u00ed\u010dkoch.<\/p>\n<p>Pokia\u013e fot\u00edm cel\u00fa rodinu aj s de\u0165mi, zvyknem foti\u0165 na za\u010diatku spolo\u010dn\u00e9&nbsp; rodinn\u00e9 fotky, fotografie s\u00farodencov s mami\u010dkou a a\u017e potom p\u00e1rov\u00e9 a s\u00f3lo portr\u00e9ty. Deti toti\u017e nevydr\u017eia dlho sa s\u00fastredi\u0165a tak po nafoten\u00ed spolo\u010dn\u00fdch z\u00e1berov m\u00f4\u017ee \u00eds\u0165 otecko s de\u0165mi sa pohra\u0165 von alebo sa im venova\u0165 v ateli\u00e9ri.<\/p>\t\t\t\t\t\t\t\t<\/div>\n\t\t\t\t<\/div>\n\t\t\t\t\t<\/div>\n\t\t<\/div>\n\t\t\t\t\t<\/div>\n\t\t<\/section>\n\t\t\t\t\t<\/div>\n\t\t<\/div>\n\t\t\t\t\t<\/div>\n\t\t<\/section>\n\t\t\t\t<section class=\"elementor-section elementor-top-section elementor-element elementor-element-a9545bd elementor-section-boxed elementor-section-height-default elementor-section-height-default\" data-id=\"a9545bd\" data-element_type=\"section\" data-e-type=\"section\">\n\t\t\t\t\t\t<div class=\"elementor-container elementor-column-gap-default\">\n\t\t\t\t\t<div class=\"elementor-column elementor-col-100 elementor-top-column elementor-element elementor-element-0d5bcea\" data-id=\"0d5bcea\" data-element_type=\"column\" data-e-type=\"column\">\n\t\t\t<div class=\"elementor-widget-wrap elementor-element-populated\">\n\t\t\t\t\t\t<section class=\"elementor-section elementor-inner-section elementor-element elementor-element-30768f2 elementor-reverse-mobile elementor-section-boxed elementor-section-height-default elementor-section-height-default\" data-id=\"30768f2\" data-element_type=\"section\" data-e-type=\"section\">\n\t\t\t\t\t\t<div class=\"elementor-container elementor-column-gap-default\">\n\t\t\t\t\t<div class=\"elementor-column elementor-col-20 elementor-inner-column elementor-element elementor-element-a69b013 elementor-hidden-mobile\" data-id=\"a69b013\" data-element_type=\"column\" data-e-type=\"column\">\n\t\t\t<div class=\"elementor-widget-wrap\">\n\t\t\t\t\t\t\t<\/div>\n\t\t<\/div>\n\t\t\t\t<div class=\"elementor-column elementor-col-20 elementor-inner-column elementor-element elementor-element-0573232\" data-id=\"0573232\" data-element_type=\"column\" data-e-type=\"column\">\n\t\t\t<div class=\"elementor-widget-wrap elementor-element-populated\">\n\t\t\t\t\t\t<div class=\"elementor-element elementor-element-e722968 elementor-align-justify elementor-mobile-align-justify elementor-widget elementor-widget-button\" data-id=\"e722968\" data-element_type=\"widget\" data-e-type=\"widget\" data-widget_type=\"button.default\">\n\t\t\t\t<div class=\"elementor-widget-container\">\n\t\t\t\t\t\t\t\t\t<div class=\"elementor-button-wrapper\">\n\t\t\t\t\t<a class=\"elementor-button elementor-button-link elementor-size-sm\" href=\"https:\/\/bibienfoto.sk\/index.php\/cennik\/cennik-tehotne\/\">\n\t\t\t\t\t\t<span class=\"elementor-button-content-wrapper\">\n\t\t\t\t\t\t\t\t\t<span class=\"elementor-button-text\">Cenn\u00edk<\/span>\n\t\t\t\t\t<\/span>\n\t\t\t\t\t<\/a>\n\t\t\t\t<\/div>\n\t\t\t\t\t\t\t\t<\/div>\n\t\t\t\t<\/div>\n\t\t\t\t\t<\/div>\n\t\t<\/div>\n\t\t\t\t<div class=\"elementor-column elementor-col-20 elementor-inner-column elementor-element elementor-element-a0f57a8\" data-id=\"a0f57a8\" data-element_type=\"column\" data-e-type=\"column\">\n\t\t\t<div class=\"elementor-widget-wrap elementor-element-populated\">\n\t\t\t\t\t\t<div class=\"elementor-element elementor-element-43f4880 elementor-align-justify elementor-mobile-align-justify elementor-widget elementor-widget-button\" data-id=\"43f4880\" data-element_type=\"widget\" data-e-type=\"widget\" data-widget_type=\"button.default\">\n\t\t\t\t<div class=\"elementor-widget-container\">\n\t\t\t\t\t\t\t\t\t<div class=\"elementor-button-wrapper\">\n\t\t\t\t\t<a class=\"elementor-button elementor-button-link elementor-size-sm\" href=\"https:\/\/bibienfoto.sk\/index.php\/portfolio\/tehotenske_portfolio\/\">\n\t\t\t\t\t\t<span class=\"elementor-button-content-wrapper\">\n\t\t\t\t\t\t\t\t\t<span class=\"elementor-button-text\">Portf\u00f3lio<\/span>\n\t\t\t\t\t<\/span>\n\t\t\t\t\t<\/a>\n\t\t\t\t<\/div>\n\t\t\t\t\t\t\t\t<\/div>\n\t\t\t\t<\/div>\n\t\t\t\t\t<\/div>\n\t\t<\/div>\n\t\t\t\t<div class=\"elementor-column elementor-col-20 elementor-inner-column elementor-element elementor-element-b5b22ca\" data-id=\"b5b22ca\" data-element_type=\"column\" data-e-type=\"column\">\n\t\t\t<div class=\"elementor-widget-wrap elementor-element-populated\">\n\t\t\t\t\t\t<div class=\"elementor-element elementor-element-b6da588 elementor-align-justify elementor-mobile-align-justify elementor-widget elementor-widget-button\" data-id=\"b6da588\" data-element_type=\"widget\" data-e-type=\"widget\" data-widget_type=\"button.default\">\n\t\t\t\t<div class=\"elementor-widget-container\">\n\t\t\t\t\t\t\t\t\t<div class=\"elementor-button-wrapper\">\n\t\t\t\t\t<a class=\"elementor-button elementor-button-link elementor-size-sm\" href=\"https:\/\/bibienfoto.sk\/index.php\/objednavka\/\">\n\t\t\t\t\t\t<span class=\"elementor-button-content-wrapper\">\n\t\t\t\t\t\t\t\t\t<span class=\"elementor-button-text\">Objedna\u0165 fotenie<\/span>\n\t\t\t\t\t<\/span>\n\t\t\t\t\t<\/a>\n\t\t\t\t<\/div>\n\t\t\t\t\t\t\t\t<\/div>\n\t\t\t\t<\/div>\n\t\t\t\t\t<\/div>\n\t\t<\/div>\n\t\t\t\t<div class=\"elementor-column elementor-col-20 elementor-inner-column elementor-element elementor-element-a6f6bb4\" data-id=\"a6f6bb4\" data-element_type=\"column\" data-e-type=\"column\">\n\t\t\t<div class=\"elementor-widget-wrap\">\n\t\t\t\t\t\t\t<\/div>\n\t\t<\/div>\n\t\t\t\t\t<\/div>\n\t\t<\/section>\n\t\t\t\t\t<\/div>\n\t\t<\/div>\n\t\t\t\t\t<\/div>\n\t\t<\/section>\n\t\t\t\t<\/div>\n\t\t","protected":false},"excerpt":{"rendered":"<p>Tehotensk\u00e9 fotenie O\u010dak\u00e1vanie nov\u00e9ho pr\u00edrastku je jedno z najkraj\u0161\u00edch obdob\u00ed v \u017eivote \u017eeny. Rast\u00face bru\u0161ko pristane ka\u017edej bud\u00facej mami\u010dke. Ka\u017ed\u00e1 mami\u010dka je po\u010das tehotenstva v\u00fdnimo\u010dne kr\u00e1sna a o\u010daruj\u00faca. Sna\u017e\u00edm sa prenies\u0165 t\u00fato v\u00fdnimo\u010dnos\u0165 do fotografi\u00ed a vytvori\u0165 tak nezabudnute\u013en\u00e9 spomienky, ktor\u00e9 v\u00e1m ostan\u00fa po cel\u00fd \u017eivot. Pok\u00fasim sa v\u00e1m odpoveda\u0165 na najd\u00f4le\u017eitej\u0161ie ot\u00e1zky t\u00fdkaj\u00face sa [&hellip;]<\/p>\n","protected":false},"author":2,"featured_media":0,"parent":4213,"menu_order":0,"comment_status":"closed","ping_status":"closed","template":"","meta":{"_monsterinsights_skip_tracking":false,"_monsterinsights_sitenote_active":false,"_monsterinsights_sitenote_note":"","_monsterinsights_sitenote_category":0,"footnotes":""},"class_list":["post-4612","page","type-page","status-publish","hentry"],"blocksy_meta":{"styles_descriptor":{"styles":{"desktop":"","tablet":"","mobile":""},"google_fonts":[],"version":6}},"yoast_head":"<!-- This site is optimized with the Yoast SEO plugin v27.5 - https:\/\/yoast.com\/product\/yoast-seo-wordpress\/ -->\n<title>Informacie tehotne - NOVORODENECK\u00c9, TEHOTENSK\u00c9 A RODINN\u00c9 FOTENIE<\/title>\n<meta name=\"robots\" content=\"index, follow, max-snippet:-1, max-image-preview:large, max-video-preview:-1\" \/>\n<link rel=\"canonical\" href=\"https:\/\/bibienfoto.sk\/index.php\/informacie-o-foteniach\/informacie-tehotne\/\" \/>\n<meta property=\"og:locale\" content=\"en_US\" \/>\n<meta property=\"og:type\" content=\"article\" \/>\n<meta property=\"og:title\" content=\"Informacie tehotne - NOVORODENECK\u00c9, TEHOTENSK\u00c9 A RODINN\u00c9 FOTENIE\" \/>\n<meta property=\"og:description\" content=\"Tehotensk\u00e9 fotenie O\u010dak\u00e1vanie nov\u00e9ho pr\u00edrastku je jedno z najkraj\u0161\u00edch obdob\u00ed v \u017eivote \u017eeny. Rast\u00face bru\u0161ko pristane ka\u017edej bud\u00facej mami\u010dke. Ka\u017ed\u00e1 mami\u010dka je po\u010das tehotenstva v\u00fdnimo\u010dne kr\u00e1sna a o\u010daruj\u00faca. Sna\u017e\u00edm sa prenies\u0165 t\u00fato v\u00fdnimo\u010dnos\u0165 do fotografi\u00ed a vytvori\u0165 tak nezabudnute\u013en\u00e9 spomienky, ktor\u00e9 v\u00e1m ostan\u00fa po cel\u00fd \u017eivot. Pok\u00fasim sa v\u00e1m odpoveda\u0165 na najd\u00f4le\u017eitej\u0161ie ot\u00e1zky t\u00fdkaj\u00face sa [&hellip;]\" \/>\n<meta property=\"og:url\" content=\"https:\/\/bibienfoto.sk\/index.php\/informacie-o-foteniach\/informacie-tehotne\/\" \/>\n<meta property=\"og:site_name\" content=\"NOVORODENECK\u00c9, TEHOTENSK\u00c9 A RODINN\u00c9 FOTENIE\" \/>\n<meta property=\"article:publisher\" content=\"https:\/\/www.facebook.com\/bibienfoto\/\" \/>\n<meta property=\"article:modified_time\" content=\"2023-04-23T17:19:41+00:00\" \/>\n<meta property=\"og:image\" content=\"http:\/\/bibienfoto.sk\/wp-content\/uploads\/2021\/09\/11_201229_Alenka_tehu_06-300x214.jpg\" \/>\n<meta name=\"twitter:card\" content=\"summary_large_image\" \/>\n<meta name=\"twitter:label1\" content=\"Est. reading time\" \/>\n\t<meta name=\"twitter:data1\" content=\"6 minutes\" \/>\n<script type=\"application\/ld+json\" class=\"yoast-schema-graph\">{\"@context\":\"https:\\\/\\\/schema.org\",\"@graph\":[{\"@type\":\"WebPage\",\"@id\":\"https:\\\/\\\/bibienfoto.sk\\\/index.php\\\/informacie-o-foteniach\\\/informacie-tehotne\\\/\",\"url\":\"https:\\\/\\\/bibienfoto.sk\\\/index.php\\\/informacie-o-foteniach\\\/informacie-tehotne\\\/\",\"name\":\"Informacie tehotne - NOVORODENECK\u00c9, TEHOTENSK\u00c9 A RODINN\u00c9 FOTENIE\",\"isPartOf\":{\"@id\":\"https:\\\/\\\/bibienfoto.sk\\\/#website\"},\"primaryImageOfPage\":{\"@id\":\"https:\\\/\\\/bibienfoto.sk\\\/index.php\\\/informacie-o-foteniach\\\/informacie-tehotne\\\/#primaryimage\"},\"image\":{\"@id\":\"https:\\\/\\\/bibienfoto.sk\\\/index.php\\\/informacie-o-foteniach\\\/informacie-tehotne\\\/#primaryimage\"},\"thumbnailUrl\":\"http:\\\/\\\/bibienfoto.sk\\\/wp-content\\\/uploads\\\/2021\\\/09\\\/11_201229_Alenka_tehu_06-300x214.jpg\",\"datePublished\":\"2022-02-07T17:54:53+00:00\",\"dateModified\":\"2023-04-23T17:19:41+00:00\",\"breadcrumb\":{\"@id\":\"https:\\\/\\\/bibienfoto.sk\\\/index.php\\\/informacie-o-foteniach\\\/informacie-tehotne\\\/#breadcrumb\"},\"inLanguage\":\"en-US\",\"potentialAction\":[{\"@type\":\"ReadAction\",\"target\":[\"https:\\\/\\\/bibienfoto.sk\\\/index.php\\\/informacie-o-foteniach\\\/informacie-tehotne\\\/\"]}]},{\"@type\":\"ImageObject\",\"inLanguage\":\"en-US\",\"@id\":\"https:\\\/\\\/bibienfoto.sk\\\/index.php\\\/informacie-o-foteniach\\\/informacie-tehotne\\\/#primaryimage\",\"url\":\"https:\\\/\\\/bibienfoto.sk\\\/wp-content\\\/uploads\\\/2021\\\/09\\\/11_201229_Alenka_tehu_06.jpg\",\"contentUrl\":\"https:\\\/\\\/bibienfoto.sk\\\/wp-content\\\/uploads\\\/2021\\\/09\\\/11_201229_Alenka_tehu_06.jpg\",\"width\":1280,\"height\":913},{\"@type\":\"BreadcrumbList\",\"@id\":\"https:\\\/\\\/bibienfoto.sk\\\/index.php\\\/informacie-o-foteniach\\\/informacie-tehotne\\\/#breadcrumb\",\"itemListElement\":[{\"@type\":\"ListItem\",\"position\":1,\"name\":\"Home\",\"item\":\"https:\\\/\\\/bibienfoto.sk\\\/\"},{\"@type\":\"ListItem\",\"position\":2,\"name\":\"Inform\u00e1cie o foteniach\",\"item\":\"https:\\\/\\\/bibienfoto.sk\\\/index.php\\\/informacie-o-foteniach\\\/\"},{\"@type\":\"ListItem\",\"position\":3,\"name\":\"Informacie tehotne\"}]},{\"@type\":\"WebSite\",\"@id\":\"https:\\\/\\\/bibienfoto.sk\\\/#website\",\"url\":\"https:\\\/\\\/bibienfoto.sk\\\/\",\"name\":\"NOVORODENECK\u00c9, TEHOTENSK\u00c9 A RODINN\u00c9 FOTENIE\",\"description\":\"Va\u0161e nezabudnute\u013en\u00e9 em\u00f3cie\",\"publisher\":{\"@id\":\"https:\\\/\\\/bibienfoto.sk\\\/#organization\"},\"potentialAction\":[{\"@type\":\"SearchAction\",\"target\":{\"@type\":\"EntryPoint\",\"urlTemplate\":\"https:\\\/\\\/bibienfoto.sk\\\/?s={search_term_string}\"},\"query-input\":{\"@type\":\"PropertyValueSpecification\",\"valueRequired\":true,\"valueName\":\"search_term_string\"}}],\"inLanguage\":\"en-US\"},{\"@type\":\"Organization\",\"@id\":\"https:\\\/\\\/bibienfoto.sk\\\/#organization\",\"name\":\"Bibienfoto - profesion\u00e1ne novorodeneck\u00e9, tehotensk\u00e9 a rodinn\u00e9 fotenie v Ko\u0161iciach\",\"url\":\"https:\\\/\\\/bibienfoto.sk\\\/\",\"logo\":{\"@type\":\"ImageObject\",\"inLanguage\":\"en-US\",\"@id\":\"https:\\\/\\\/bibienfoto.sk\\\/#\\\/schema\\\/logo\\\/image\\\/\",\"url\":\"https:\\\/\\\/bibienfoto.sk\\\/wp-content\\\/uploads\\\/2022\\\/06\\\/cropped-unnamed.png\",\"contentUrl\":\"https:\\\/\\\/bibienfoto.sk\\\/wp-content\\\/uploads\\\/2022\\\/06\\\/cropped-unnamed.png\",\"width\":512,\"height\":512,\"caption\":\"Bibienfoto - profesion\u00e1ne novorodeneck\u00e9, tehotensk\u00e9 a rodinn\u00e9 fotenie v Ko\u0161iciach\"},\"image\":{\"@id\":\"https:\\\/\\\/bibienfoto.sk\\\/#\\\/schema\\\/logo\\\/image\\\/\"},\"sameAs\":[\"https:\\\/\\\/www.facebook.com\\\/bibienfoto\\\/\",\"https:\\\/\\\/www.instagram.com\\\/bibienfoto\\\/\"]}]}<\/script>\n<!-- \/ Yoast SEO plugin. -->","yoast_head_json":{"title":"Informacie tehotne - NOVORODENECK\u00c9, TEHOTENSK\u00c9 A RODINN\u00c9 FOTENIE","robots":{"index":"index","follow":"follow","max-snippet":"max-snippet:-1","max-image-preview":"max-image-preview:large","max-video-preview":"max-video-preview:-1"},"canonical":"https:\/\/bibienfoto.sk\/index.php\/informacie-o-foteniach\/informacie-tehotne\/","og_locale":"en_US","og_type":"article","og_title":"Informacie tehotne - NOVORODENECK\u00c9, TEHOTENSK\u00c9 A RODINN\u00c9 FOTENIE","og_description":"Tehotensk\u00e9 fotenie O\u010dak\u00e1vanie nov\u00e9ho pr\u00edrastku je jedno z najkraj\u0161\u00edch obdob\u00ed v \u017eivote \u017eeny. Rast\u00face bru\u0161ko pristane ka\u017edej bud\u00facej mami\u010dke. Ka\u017ed\u00e1 mami\u010dka je po\u010das tehotenstva v\u00fdnimo\u010dne kr\u00e1sna a o\u010daruj\u00faca. Sna\u017e\u00edm sa prenies\u0165 t\u00fato v\u00fdnimo\u010dnos\u0165 do fotografi\u00ed a vytvori\u0165 tak nezabudnute\u013en\u00e9 spomienky, ktor\u00e9 v\u00e1m ostan\u00fa po cel\u00fd \u017eivot. Pok\u00fasim sa v\u00e1m odpoveda\u0165 na najd\u00f4le\u017eitej\u0161ie ot\u00e1zky t\u00fdkaj\u00face sa [&hellip;]","og_url":"https:\/\/bibienfoto.sk\/index.php\/informacie-o-foteniach\/informacie-tehotne\/","og_site_name":"NOVORODENECK\u00c9, TEHOTENSK\u00c9 A RODINN\u00c9 FOTENIE","article_publisher":"https:\/\/www.facebook.com\/bibienfoto\/","article_modified_time":"2023-04-23T17:19:41+00:00","og_image":[{"url":"http:\/\/bibienfoto.sk\/wp-content\/uploads\/2021\/09\/11_201229_Alenka_tehu_06-300x214.jpg","type":"","width":"","height":""}],"twitter_card":"summary_large_image","twitter_misc":{"Est. reading time":"6 minutes"},"schema":{"@context":"https:\/\/schema.org","@graph":[{"@type":"WebPage","@id":"https:\/\/bibienfoto.sk\/index.php\/informacie-o-foteniach\/informacie-tehotne\/","url":"https:\/\/bibienfoto.sk\/index.php\/informacie-o-foteniach\/informacie-tehotne\/","name":"Informacie tehotne - NOVORODENECK\u00c9, TEHOTENSK\u00c9 A RODINN\u00c9 FOTENIE","isPartOf":{"@id":"https:\/\/bibienfoto.sk\/#website"},"primaryImageOfPage":{"@id":"https:\/\/bibienfoto.sk\/index.php\/informacie-o-foteniach\/informacie-tehotne\/#primaryimage"},"image":{"@id":"https:\/\/bibienfoto.sk\/index.php\/informacie-o-foteniach\/informacie-tehotne\/#primaryimage"},"thumbnailUrl":"http:\/\/bibienfoto.sk\/wp-content\/uploads\/2021\/09\/11_201229_Alenka_tehu_06-300x214.jpg","datePublished":"2022-02-07T17:54:53+00:00","dateModified":"2023-04-23T17:19:41+00:00","breadcrumb":{"@id":"https:\/\/bibienfoto.sk\/index.php\/informacie-o-foteniach\/informacie-tehotne\/#breadcrumb"},"inLanguage":"en-US","potentialAction":[{"@type":"ReadAction","target":["https:\/\/bibienfoto.sk\/index.php\/informacie-o-foteniach\/informacie-tehotne\/"]}]},{"@type":"ImageObject","inLanguage":"en-US","@id":"https:\/\/bibienfoto.sk\/index.php\/informacie-o-foteniach\/informacie-tehotne\/#primaryimage","url":"https:\/\/bibienfoto.sk\/wp-content\/uploads\/2021\/09\/11_201229_Alenka_tehu_06.jpg","contentUrl":"https:\/\/bibienfoto.sk\/wp-content\/uploads\/2021\/09\/11_201229_Alenka_tehu_06.jpg","width":1280,"height":913},{"@type":"BreadcrumbList","@id":"https:\/\/bibienfoto.sk\/index.php\/informacie-o-foteniach\/informacie-tehotne\/#breadcrumb","itemListElement":[{"@type":"ListItem","position":1,"name":"Home","item":"https:\/\/bibienfoto.sk\/"},{"@type":"ListItem","position":2,"name":"Inform\u00e1cie o foteniach","item":"https:\/\/bibienfoto.sk\/index.php\/informacie-o-foteniach\/"},{"@type":"ListItem","position":3,"name":"Informacie tehotne"}]},{"@type":"WebSite","@id":"https:\/\/bibienfoto.sk\/#website","url":"https:\/\/bibienfoto.sk\/","name":"NOVORODENECK\u00c9, TEHOTENSK\u00c9 A RODINN\u00c9 FOTENIE","description":"Va\u0161e nezabudnute\u013en\u00e9 em\u00f3cie","publisher":{"@id":"https:\/\/bibienfoto.sk\/#organization"},"potentialAction":[{"@type":"SearchAction","target":{"@type":"EntryPoint","urlTemplate":"https:\/\/bibienfoto.sk\/?s={search_term_string}"},"query-input":{"@type":"PropertyValueSpecification","valueRequired":true,"valueName":"search_term_string"}}],"inLanguage":"en-US"},{"@type":"Organization","@id":"https:\/\/bibienfoto.sk\/#organization","name":"Bibienfoto - profesion\u00e1ne novorodeneck\u00e9, tehotensk\u00e9 a rodinn\u00e9 fotenie v Ko\u0161iciach","url":"https:\/\/bibienfoto.sk\/","logo":{"@type":"ImageObject","inLanguage":"en-US","@id":"https:\/\/bibienfoto.sk\/#\/schema\/logo\/image\/","url":"https:\/\/bibienfoto.sk\/wp-content\/uploads\/2022\/06\/cropped-unnamed.png","contentUrl":"https:\/\/bibienfoto.sk\/wp-content\/uploads\/2022\/06\/cropped-unnamed.png","width":512,"height":512,"caption":"Bibienfoto - profesion\u00e1ne novorodeneck\u00e9, tehotensk\u00e9 a rodinn\u00e9 fotenie v Ko\u0161iciach"},"image":{"@id":"https:\/\/bibienfoto.sk\/#\/schema\/logo\/image\/"},"sameAs":["https:\/\/www.facebook.com\/bibienfoto\/","https:\/\/www.instagram.com\/bibienfoto\/"]}]}},"_links":{"self":[{"href":"https:\/\/bibienfoto.sk\/index.php\/wp-json\/wp\/v2\/pages\/4612","targetHints":{"allow":["GET"]}}],"collection":[{"href":"https:\/\/bibienfoto.sk\/index.php\/wp-json\/wp\/v2\/pages"}],"about":[{"href":"https:\/\/bibienfoto.sk\/index.php\/wp-json\/wp\/v2\/types\/page"}],"author":[{"embeddable":true,"href":"https:\/\/bibienfoto.sk\/index.php\/wp-json\/wp\/v2\/users\/2"}],"replies":[{"embeddable":true,"href":"https:\/\/bibienfoto.sk\/index.php\/wp-json\/wp\/v2\/comments?post=4612"}],"version-history":[{"count":6,"href":"https:\/\/bibienfoto.sk\/index.php\/wp-json\/wp\/v2\/pages\/4612\/revisions"}],"predecessor-version":[{"id":5372,"href":"https:\/\/bibienfoto.sk\/index.php\/wp-json\/wp\/v2\/pages\/4612\/revisions\/5372"}],"up":[{"embeddable":true,"href":"https:\/\/bibienfoto.sk\/index.php\/wp-json\/wp\/v2\/pages\/4213"}],"wp:attachment":[{"href":"https:\/\/bibienfoto.sk\/index.php\/wp-json\/wp\/v2\/media?parent=4612"}],"curies":[{"name":"wp","href":"https:\/\/api.w.org\/{rel}","templated":true}]}}