{"id":3020,"date":"2022-01-13T14:02:35","date_gmt":"2022-01-13T13:02:35","guid":{"rendered":"http:\/\/bibienfoto.sk\/?page_id=3020"},"modified":"2024-01-26T22:03:14","modified_gmt":"2024-01-26T21:03:14","slug":"elementor-3020","status":"publish","type":"page","link":"https:\/\/bibienfoto.sk\/index.php\/elementor-3020\/","title":{"rendered":"Referencie"},"content":{"rendered":"\t\t<div data-elementor-type=\"wp-page\" data-elementor-id=\"3020\" class=\"elementor elementor-3020\">\n\t\t\t\t\t\t<section class=\"elementor-section elementor-top-section elementor-element elementor-element-13352ca elementor-section-boxed elementor-section-height-default elementor-section-height-default\" data-id=\"13352ca\" data-element_type=\"section\" data-e-type=\"section\">\n\t\t\t\t\t\t<div class=\"elementor-container elementor-column-gap-default\">\n\t\t\t\t\t<div class=\"elementor-column elementor-col-100 elementor-top-column elementor-element elementor-element-990e396\" data-id=\"990e396\" data-element_type=\"column\" data-e-type=\"column\">\n\t\t\t<div class=\"elementor-widget-wrap elementor-element-populated\">\n\t\t\t\t\t\t<div class=\"elementor-element elementor-element-33cc857 elementor-widget elementor-widget-heading\" data-id=\"33cc857\" data-element_type=\"widget\" data-e-type=\"widget\" data-widget_type=\"heading.default\">\n\t\t\t\t<div class=\"elementor-widget-container\">\n\t\t\t\t\t<h1 class=\"elementor-heading-title elementor-size-default\">referencie<\/h1>\t\t\t\t<\/div>\n\t\t\t\t<\/div>\n\t\t\t\t\t<\/div>\n\t\t<\/div>\n\t\t\t\t\t<\/div>\n\t\t<\/section>\n\t\t\t\t<section class=\"elementor-section elementor-top-section elementor-element elementor-element-0c47385 elementor-section-boxed elementor-section-height-default elementor-section-height-default\" data-id=\"0c47385\" data-element_type=\"section\" data-e-type=\"section\">\n\t\t\t\t\t\t<div class=\"elementor-container elementor-column-gap-default\">\n\t\t\t\t\t<div class=\"elementor-column elementor-col-100 elementor-top-column elementor-element elementor-element-3ea19e4\" data-id=\"3ea19e4\" data-element_type=\"column\" data-e-type=\"column\">\n\t\t\t<div class=\"elementor-widget-wrap elementor-element-populated\">\n\t\t\t\t\t\t<div class=\"elementor-element elementor-element-81af03f elementor-widget elementor-widget-heading\" data-id=\"81af03f\" data-element_type=\"widget\" data-e-type=\"widget\" data-widget_type=\"heading.default\">\n\t\t\t\t<div class=\"elementor-widget-container\">\n\t\t\t\t\t<h3 class=\"elementor-heading-title elementor-size-default\">Erika Kandr\u00e1\u010dov\u00e1<\/h3>\t\t\t\t<\/div>\n\t\t\t\t<\/div>\n\t\t\t\t<section class=\"elementor-section elementor-inner-section elementor-element elementor-element-749f6fa elementor-section-boxed elementor-section-height-default elementor-section-height-default\" data-id=\"749f6fa\" data-element_type=\"section\" data-e-type=\"section\">\n\t\t\t\t\t\t<div class=\"elementor-container elementor-column-gap-default\">\n\t\t\t\t\t<div class=\"elementor-column elementor-col-100 elementor-inner-column elementor-element elementor-element-60fff6c\" data-id=\"60fff6c\" data-element_type=\"column\" data-e-type=\"column\">\n\t\t\t<div class=\"elementor-widget-wrap elementor-element-populated\">\n\t\t\t\t\t\t<div class=\"elementor-element elementor-element-50433c3 elementor-widget elementor-widget-text-editor\" data-id=\"50433c3\" data-element_type=\"widget\" data-e-type=\"widget\" data-widget_type=\"text-editor.default\">\n\t\t\t\t<div class=\"elementor-widget-container\">\n\t\t\t\t\t\t\t\t\t<p><img fetchpriority=\"high\" decoding=\"async\" class=\"alignleft wp-image-1669\" src=\"https:\/\/bibienfoto.sk\/wp-content\/uploads\/2021\/09\/19_210623_foto_06-300x240.jpg\" alt=\"\" width=\"400\" height=\"320\" srcset=\"https:\/\/bibienfoto.sk\/wp-content\/uploads\/2021\/09\/19_210623_foto_06-300x240.jpg 300w, https:\/\/bibienfoto.sk\/wp-content\/uploads\/2021\/09\/19_210623_foto_06-1024x819.jpg 1024w, https:\/\/bibienfoto.sk\/wp-content\/uploads\/2021\/09\/19_210623_foto_06-768x614.jpg 768w, https:\/\/bibienfoto.sk\/wp-content\/uploads\/2021\/09\/19_210623_foto_06.jpg 1280w\" sizes=\"(max-width: 400px) 100vw, 400px\" \/>S \u013dubkou sa pozn\u00e1me u\u017e dlho, preto sme nev\u00e1hali oslovi\u0165 ju na na\u0161e rodinn\u00e9 fotenie.<br \/>Sprev\u00e1dza n\u00e1s pri vz\u00e1cnych okamihoch \u017eivota u\u017e nieko\u013eko rokov. Fotila n\u00e1s v \u010darovnom \u010dase o\u010dak\u00e1vania malej M\u00e1rie, zachytila na\u0161e prv\u00e9 spolo\u010dn\u00e9 chv\u00edle u\u017e v p\u00f4rodnici, jej prv\u00fd rok, prv\u00e9 Vianoce a mnoho \u010fal\u0161\u00edch nezabudnute\u013en\u00fdch momentov.<br \/>Spolupr\u00e1cu s \u013dubkou by som charakterizovala jedn\u00fdm slovom &#8211; \u013eudsk\u00e1.<br \/>\u010ci u\u017e to bolo fotenie v p\u00f4rodnici, doma, v pr\u00edrode alebo v ateli\u00e9ri. V\u017edy sme sa vedeli dohodn\u00fa\u0165 . Na \u013dubke oce\u0148ujem \u00fastretovos\u0165 a trpezlivos\u0165. <br \/>Okamihy zachyten\u00e9 na fotografi\u00e1ch n\u00e1m pripom\u00ednaj\u00fa na\u0161e vz\u00e1cne momenty a ja ver\u00edm, \u017ee nie s\u00fa posledn\u00e9.<\/p>\t\t\t\t\t\t\t\t<\/div>\n\t\t\t\t<\/div>\n\t\t\t\t\t<\/div>\n\t\t<\/div>\n\t\t\t\t\t<\/div>\n\t\t<\/section>\n\t\t\t\t\t<\/div>\n\t\t<\/div>\n\t\t\t\t\t<\/div>\n\t\t<\/section>\n\t\t\t\t<section class=\"elementor-section elementor-top-section elementor-element elementor-element-9f39328 elementor-section-boxed elementor-section-height-default elementor-section-height-default\" data-id=\"9f39328\" data-element_type=\"section\" data-e-type=\"section\">\n\t\t\t\t\t\t<div class=\"elementor-container elementor-column-gap-default\">\n\t\t\t\t\t<div class=\"elementor-column elementor-col-100 elementor-top-column elementor-element elementor-element-00bec3d\" data-id=\"00bec3d\" data-element_type=\"column\" data-e-type=\"column\">\n\t\t\t<div class=\"elementor-widget-wrap elementor-element-populated\">\n\t\t\t\t\t\t<section class=\"elementor-section elementor-inner-section elementor-element elementor-element-91b27f7 elementor-reverse-mobile elementor-section-boxed elementor-section-height-default elementor-section-height-default\" data-id=\"91b27f7\" data-element_type=\"section\" data-e-type=\"section\">\n\t\t\t\t\t\t<div class=\"elementor-container elementor-column-gap-default\">\n\t\t\t\t\t<div class=\"elementor-column elementor-col-100 elementor-inner-column elementor-element elementor-element-129a94f\" data-id=\"129a94f\" data-element_type=\"column\" data-e-type=\"column\">\n\t\t\t<div class=\"elementor-widget-wrap elementor-element-populated\">\n\t\t\t\t\t\t<div class=\"elementor-element elementor-element-1552756 elementor-widget elementor-widget-heading\" data-id=\"1552756\" data-element_type=\"widget\" data-e-type=\"widget\" data-widget_type=\"heading.default\">\n\t\t\t\t<div class=\"elementor-widget-container\">\n\t\t\t\t\t<h3 class=\"elementor-heading-title elementor-size-default\">Pa\u0165a Hirkov\u00e1<\/h3>\t\t\t\t<\/div>\n\t\t\t\t<\/div>\n\t\t\t\t<div class=\"elementor-element elementor-element-2a07115 elementor-widget elementor-widget-text-editor\" data-id=\"2a07115\" data-element_type=\"widget\" data-e-type=\"widget\" data-widget_type=\"text-editor.default\">\n\t\t\t\t<div class=\"elementor-widget-container\">\n\t\t\t\t\t\t\t\t\t<div dir=\"auto\"><img decoding=\"async\" class=\"wp-image-3312 alignright\" src=\"https:\/\/bibienfoto.sk\/wp-content\/uploads\/2022\/01\/210918_dvojicky_01_web-e1644230406427-300x240.jpg\" alt=\"\" width=\"400\" height=\"319\" srcset=\"https:\/\/bibienfoto.sk\/wp-content\/uploads\/2022\/01\/210918_dvojicky_01_web-e1644230406427-300x240.jpg 300w, https:\/\/bibienfoto.sk\/wp-content\/uploads\/2022\/01\/210918_dvojicky_01_web-e1644230406427-1024x818.jpg 1024w, https:\/\/bibienfoto.sk\/wp-content\/uploads\/2022\/01\/210918_dvojicky_01_web-e1644230406427-768x613.jpg 768w, https:\/\/bibienfoto.sk\/wp-content\/uploads\/2022\/01\/210918_dvojicky_01_web-e1644230406427.jpg 1068w\" sizes=\"(max-width: 400px) 100vw, 400px\" \/>\u010eakujeme \u013dubka za n\u00e1dhern\u00e9 fotky\u00a0<span class=\"pq6dq46d tbxw36s4 knj5qynh kvgmc6g5 ditlmg2l oygrvhab nvdbi5me sf5mxxl7 gl3lb2sf hhz5lgdu\"><img decoding=\"async\" src=\"https:\/\/static.xx.fbcdn.net\/images\/emoji.php\/v9\/tea\/1\/16\/1f970.png\" alt=\"\ud83e\udd70\" width=\"16\" height=\"16\" \/><\/span><span class=\"pq6dq46d tbxw36s4 knj5qynh kvgmc6g5 ditlmg2l oygrvhab nvdbi5me sf5mxxl7 gl3lb2sf hhz5lgdu\"><img loading=\"lazy\" decoding=\"async\" src=\"https:\/\/static.xx.fbcdn.net\/images\/emoji.php\/v9\/t15\/1\/16\/1f49b.png\" alt=\"\ud83d\udc9b\" width=\"16\" height=\"16\" \/><\/span><span class=\"pq6dq46d tbxw36s4 knj5qynh kvgmc6g5 ditlmg2l oygrvhab nvdbi5me sf5mxxl7 gl3lb2sf hhz5lgdu\"><img loading=\"lazy\" decoding=\"async\" src=\"https:\/\/static.xx.fbcdn.net\/images\/emoji.php\/v9\/t6c\/1\/16\/1f499.png\" alt=\"\ud83d\udc99\" width=\"16\" height=\"16\" \/><\/span>\u00a0pre n\u00e1s s\u00fa kr\u00e1snou spomienkou u\u017e teraz a o p\u00e1r rokov sa z nich bud\u00fa te\u0161i\u0165 spolu s nami\u00a0<span class=\"pq6dq46d tbxw36s4 knj5qynh kvgmc6g5 ditlmg2l oygrvhab nvdbi5me sf5mxxl7 gl3lb2sf hhz5lgdu\"><img loading=\"lazy\" decoding=\"async\" src=\"https:\/\/static.xx.fbcdn.net\/images\/emoji.php\/v9\/t6c\/1\/16\/2764.png\" alt=\"\u2764\" width=\"16\" height=\"16\" \/><\/span><span class=\"pq6dq46d tbxw36s4 knj5qynh kvgmc6g5 ditlmg2l oygrvhab nvdbi5me sf5mxxl7 gl3lb2sf hhz5lgdu\"><img loading=\"lazy\" decoding=\"async\" src=\"https:\/\/static.xx.fbcdn.net\/images\/emoji.php\/v9\/t2\/1\/16\/1f60d.png\" alt=\"\ud83d\ude0d\" width=\"16\" height=\"16\" \/><\/span><span class=\"pq6dq46d tbxw36s4 knj5qynh kvgmc6g5 ditlmg2l oygrvhab nvdbi5me sf5mxxl7 gl3lb2sf hhz5lgdu\"><img decoding=\"async\" src=\"https:\/\/static.xx.fbcdn.net\/images\/emoji.php\/v9\/tea\/1\/16\/1f970.png\" alt=\"\ud83e\udd70\" width=\"16\" height=\"16\" \/><\/span>\u00a0&#8230;. \u010fakujeme aj za \u00fa\u017easn\u00fd pr\u00edstup,<span class=\"pq6dq46d tbxw36s4 knj5qynh kvgmc6g5 ditlmg2l oygrvhab nvdbi5me sf5mxxl7 gl3lb2sf hhz5lgdu\"><img loading=\"lazy\" decoding=\"async\" src=\"https:\/\/static.xx.fbcdn.net\/images\/emoji.php\/v9\/tfc\/1\/16\/1f44d.png\" alt=\"\ud83d\udc4d\" width=\"16\" height=\"16\" \/><\/span><span class=\"pq6dq46d tbxw36s4 knj5qynh kvgmc6g5 ditlmg2l oygrvhab nvdbi5me sf5mxxl7 gl3lb2sf hhz5lgdu\"><img loading=\"lazy\" decoding=\"async\" src=\"https:\/\/static.xx.fbcdn.net\/images\/emoji.php\/v9\/tfc\/1\/16\/1f44d.png\" alt=\"\ud83d\udc4d\" width=\"16\" height=\"16\" \/><\/span>\u00a0vrelo odpor\u00fa\u010dam ka\u017ed\u00e9mu\u00a0<span class=\"pq6dq46d tbxw36s4 knj5qynh kvgmc6g5 ditlmg2l oygrvhab nvdbi5me sf5mxxl7 gl3lb2sf hhz5lgdu\"><img loading=\"lazy\" decoding=\"async\" src=\"https:\/\/static.xx.fbcdn.net\/images\/emoji.php\/v9\/t2\/1\/16\/1f60d.png\" alt=\"\ud83d\ude0d\" width=\"16\" height=\"16\" \/><\/span>\u00a0aj ke\u010f to bolo n\u00e1ro\u010dn\u00e9\u00a0<span class=\"pq6dq46d tbxw36s4 knj5qynh kvgmc6g5 ditlmg2l oygrvhab nvdbi5me sf5mxxl7 gl3lb2sf hhz5lgdu\"><img loading=\"lazy\" decoding=\"async\" src=\"https:\/\/static.xx.fbcdn.net\/images\/emoji.php\/v9\/td0\/1\/16\/1f602.png\" alt=\"\ud83d\ude02\" width=\"16\" height=\"16\" \/><\/span><span class=\"pq6dq46d tbxw36s4 knj5qynh kvgmc6g5 ditlmg2l oygrvhab nvdbi5me sf5mxxl7 gl3lb2sf hhz5lgdu\"><img loading=\"lazy\" decoding=\"async\" src=\"https:\/\/static.xx.fbcdn.net\/images\/emoji.php\/v9\/t4f\/1\/16\/1f601.png\" alt=\"\ud83d\ude01\" width=\"16\" height=\"16\" \/><\/span>\u00a0pokoj, \u00fastretovos\u0165 a dobr\u00e1 n\u00e1lada nep\u00fa\u0161\u0165ali nikoho z n\u00e1s&#8230;ja som si aj pospala\u00a0<span class=\"pq6dq46d tbxw36s4 knj5qynh kvgmc6g5 ditlmg2l oygrvhab nvdbi5me sf5mxxl7 gl3lb2sf hhz5lgdu\"><img loading=\"lazy\" decoding=\"async\" src=\"https:\/\/static.xx.fbcdn.net\/images\/emoji.php\/v9\/t52\/1\/16\/1f648.png\" alt=\"\ud83d\ude48\" width=\"16\" height=\"16\" \/><\/span><span class=\"pq6dq46d tbxw36s4 knj5qynh kvgmc6g5 ditlmg2l oygrvhab nvdbi5me sf5mxxl7 gl3lb2sf hhz5lgdu\"><img loading=\"lazy\" decoding=\"async\" src=\"https:\/\/static.xx.fbcdn.net\/images\/emoji.php\/v9\/t52\/1\/16\/1f648.png\" alt=\"\ud83d\ude48\" width=\"16\" height=\"16\" \/><\/span><span class=\"pq6dq46d tbxw36s4 knj5qynh kvgmc6g5 ditlmg2l oygrvhab nvdbi5me sf5mxxl7 gl3lb2sf hhz5lgdu\"><img loading=\"lazy\" decoding=\"async\" src=\"https:\/\/static.xx.fbcdn.net\/images\/emoji.php\/v9\/taf\/1\/16\/1f634.png\" alt=\"\ud83d\ude34\" width=\"16\" height=\"16\" \/><\/span>&#8230; a ako matka ve\u013emi oce\u0148ujem jemnos\u0165 a sk\u00fasenosti s ak\u00fdmi si s de\u0165mi pracovala\u00a0<span class=\"pq6dq46d tbxw36s4 knj5qynh kvgmc6g5 ditlmg2l oygrvhab nvdbi5me sf5mxxl7 gl3lb2sf hhz5lgdu\"><img loading=\"lazy\" decoding=\"async\" src=\"https:\/\/static.xx.fbcdn.net\/images\/emoji.php\/v9\/t6c\/1\/16\/2764.png\" alt=\"\u2764\" width=\"16\" height=\"16\" \/><\/span><span class=\"pq6dq46d tbxw36s4 knj5qynh kvgmc6g5 ditlmg2l oygrvhab nvdbi5me sf5mxxl7 gl3lb2sf hhz5lgdu\"><img loading=\"lazy\" decoding=\"async\" src=\"https:\/\/static.xx.fbcdn.net\/images\/emoji.php\/v9\/t6c\/1\/16\/2764.png\" alt=\"\u2764\" width=\"16\" height=\"16\" \/><\/span><\/div><div dir=\"auto\">U\u017e sa te\u0161\u00edm na \u010fal\u0161ie fotenie<\/div>\t\t\t\t\t\t\t\t<\/div>\n\t\t\t\t<\/div>\n\t\t\t\t\t<\/div>\n\t\t<\/div>\n\t\t\t\t\t<\/div>\n\t\t<\/section>\n\t\t\t\t\t<\/div>\n\t\t<\/div>\n\t\t\t\t\t<\/div>\n\t\t<\/section>\n\t\t\t\t<section class=\"elementor-section elementor-top-section elementor-element elementor-element-17cc623 elementor-section-boxed elementor-section-height-default elementor-section-height-default\" data-id=\"17cc623\" data-element_type=\"section\" data-e-type=\"section\">\n\t\t\t\t\t\t<div class=\"elementor-container elementor-column-gap-default\">\n\t\t\t\t\t<div class=\"elementor-column elementor-col-100 elementor-top-column elementor-element elementor-element-7a02059\" data-id=\"7a02059\" data-element_type=\"column\" data-e-type=\"column\">\n\t\t\t<div class=\"elementor-widget-wrap elementor-element-populated\">\n\t\t\t\t\t\t<section class=\"elementor-section elementor-inner-section elementor-element elementor-element-905293f elementor-section-boxed elementor-section-height-default elementor-section-height-default\" data-id=\"905293f\" data-element_type=\"section\" data-e-type=\"section\">\n\t\t\t\t\t\t<div class=\"elementor-container elementor-column-gap-default\">\n\t\t\t\t\t<div class=\"elementor-column elementor-col-100 elementor-inner-column elementor-element elementor-element-329b069\" data-id=\"329b069\" data-element_type=\"column\" data-e-type=\"column\">\n\t\t\t<div class=\"elementor-widget-wrap elementor-element-populated\">\n\t\t\t\t\t\t<div class=\"elementor-element elementor-element-bc3f99a elementor-widget elementor-widget-heading\" data-id=\"bc3f99a\" data-element_type=\"widget\" data-e-type=\"widget\" data-widget_type=\"heading.default\">\n\t\t\t\t<div class=\"elementor-widget-container\">\n\t\t\t\t\t<h3 class=\"elementor-heading-title elementor-size-default\">Dominika Srokov\u00e1<\/h3>\t\t\t\t<\/div>\n\t\t\t\t<\/div>\n\t\t\t\t<div class=\"elementor-element elementor-element-d83af5b elementor-widget elementor-widget-text-editor\" data-id=\"d83af5b\" data-element_type=\"widget\" data-e-type=\"widget\" data-widget_type=\"text-editor.default\">\n\t\t\t\t<div class=\"elementor-widget-container\">\n\t\t\t\t\t\t\t\t\t<p><img loading=\"lazy\" decoding=\"async\" class=\"alignleft wp-image-4426\" src=\"https:\/\/bibienfoto.sk\/wp-content\/uploads\/2022\/02\/210909_Domi-tehu_1_insta-300x240.jpg\" alt=\"\" width=\"400\" height=\"320\" \/>\u013dubka, \u010fakujeme kr\u00e1sne za vytvorenie kr\u00e1snych spomienok v podobe foto. Bol to ve\u013emi pr\u00edjemne str\u00e1ven\u00fd \u010das, pln\u00fd smiechu, pohody. Na to, \u017ee ja aj man\u017eel sa nie a\u017e tak radi fot\u00edme, bol to ozaj pr\u00edjemne str\u00e1ven\u00fd \u010das. \u010eakujeme za profesion\u00e1lny pr\u00edstup, kr\u00e1sne z\u00e1bery a pre n\u00e1s zachyten\u00e9 spomienky na kr\u00e1sne obdobie o\u010dak\u00e1vania na\u0161ej princeznej.\u00a0 My sme ozaj ve\u013emi spokojn\u00ed a dokonca sa ti podarilo prehovori\u0165 aj n\u00e1\u0161ho trucuj\u00faceho syn\u00e1tora, aby spolupracoval.<\/p><p>\u013dubku ozaj vrelo odpor\u00fa\u010dame \u010di na fotenie rodinky , \u010di b\u00e1b\u00e4tk\u00e1, \u010di v o\u010dak\u00e1van\u00ed , \u010di&#8230; \ud83d\ude42<\/p>\t\t\t\t\t\t\t\t<\/div>\n\t\t\t\t<\/div>\n\t\t\t\t\t<\/div>\n\t\t<\/div>\n\t\t\t\t\t<\/div>\n\t\t<\/section>\n\t\t\t\t\t<\/div>\n\t\t<\/div>\n\t\t\t\t\t<\/div>\n\t\t<\/section>\n\t\t\t\t<section class=\"elementor-section elementor-top-section elementor-element elementor-element-1543dd0 elementor-section-boxed elementor-section-height-default elementor-section-height-default\" data-id=\"1543dd0\" data-element_type=\"section\" data-e-type=\"section\">\n\t\t\t\t\t\t<div class=\"elementor-container elementor-column-gap-default\">\n\t\t\t\t\t<div class=\"elementor-column elementor-col-100 elementor-top-column elementor-element elementor-element-2e06f47\" data-id=\"2e06f47\" data-element_type=\"column\" data-e-type=\"column\">\n\t\t\t<div class=\"elementor-widget-wrap elementor-element-populated\">\n\t\t\t\t\t\t<section class=\"elementor-section elementor-inner-section elementor-element elementor-element-c104123 elementor-section-boxed elementor-section-height-default elementor-section-height-default\" data-id=\"c104123\" data-element_type=\"section\" data-e-type=\"section\">\n\t\t\t\t\t\t<div class=\"elementor-container elementor-column-gap-default\">\n\t\t\t\t\t<div class=\"elementor-column elementor-col-100 elementor-inner-column elementor-element elementor-element-07d41e6\" data-id=\"07d41e6\" data-element_type=\"column\" data-e-type=\"column\">\n\t\t\t<div class=\"elementor-widget-wrap elementor-element-populated\">\n\t\t\t\t\t\t<div class=\"elementor-element elementor-element-3fea3ff elementor-widget elementor-widget-heading\" data-id=\"3fea3ff\" data-element_type=\"widget\" data-e-type=\"widget\" data-widget_type=\"heading.default\">\n\t\t\t\t<div class=\"elementor-widget-container\">\n\t\t\t\t\t<h3 class=\"elementor-heading-title elementor-size-default\">Janka L.<\/h3>\t\t\t\t<\/div>\n\t\t\t\t<\/div>\n\t\t\t\t<div class=\"elementor-element elementor-element-3925780 elementor-widget elementor-widget-text-editor\" data-id=\"3925780\" data-element_type=\"widget\" data-e-type=\"widget\" data-widget_type=\"text-editor.default\">\n\t\t\t\t<div class=\"elementor-widget-container\">\n\t\t\t\t\t\t\t\t\t<p><img loading=\"lazy\" decoding=\"async\" class=\"alignright wp-image-5476\" src=\"https:\/\/bibienfoto.sk\/wp-content\/uploads\/2024\/01\/230405_Zuzanka_21_EXPb-300x240.jpg\" alt=\"\" width=\"400\" height=\"320\" srcset=\"https:\/\/bibienfoto.sk\/wp-content\/uploads\/2024\/01\/230405_Zuzanka_21_EXPb-300x240.jpg 300w, https:\/\/bibienfoto.sk\/wp-content\/uploads\/2024\/01\/230405_Zuzanka_21_EXPb-1024x820.jpg 1024w, https:\/\/bibienfoto.sk\/wp-content\/uploads\/2024\/01\/230405_Zuzanka_21_EXPb-768x615.jpg 768w, https:\/\/bibienfoto.sk\/wp-content\/uploads\/2024\/01\/230405_Zuzanka_21_EXPb.jpg 1333w\" sizes=\"(max-width: 400px) 100vw, 400px\" \/> \u010eakujeme za fotky, bud\u00fa nav\u017edy kr\u00e1snou spomienkou na tehotenstvo aj novorodeniatko \u2764\ufe0f Fotky s\u00fa jemn\u00e9, nepreafektovan\u00e9, vyzdvihuj\u00fa krehkos\u0165 b\u00e1b\u00e4tka.<\/p><p>Ak h\u013ead\u00e1te nie\u010do v duchu &#8220;v jednoduchosti je kr\u00e1sa&#8221;, \u013dubku ur\u010dite odpor\u00fa\u010dam v\u0161etk\u00fdmi desiatimi \ud83e\udd17.<br \/>A ako bonus m\u00e1te trpezliv\u00fd pr\u00edstup aj k nefotogenick\u00fdm modelom a citliv\u00e9 zaobch\u00e1dzanie s b\u00e1b\u00e4tkom. Jednoducho profesion\u00e1l, ktor\u00fd vie \u010do rob\u00ed a rob\u00ed to dobre.\u00a0<\/p>\t\t\t\t\t\t\t\t<\/div>\n\t\t\t\t<\/div>\n\t\t\t\t\t<\/div>\n\t\t<\/div>\n\t\t\t\t\t<\/div>\n\t\t<\/section>\n\t\t\t\t\t<\/div>\n\t\t<\/div>\n\t\t\t\t\t<\/div>\n\t\t<\/section>\n\t\t\t\t<section class=\"elementor-section elementor-top-section elementor-element elementor-element-51936da elementor-section-boxed elementor-section-height-default elementor-section-height-default\" data-id=\"51936da\" data-element_type=\"section\" data-e-type=\"section\">\n\t\t\t\t\t\t<div class=\"elementor-container elementor-column-gap-default\">\n\t\t\t\t\t<div class=\"elementor-column elementor-col-100 elementor-top-column elementor-element elementor-element-0d94e4e\" data-id=\"0d94e4e\" data-element_type=\"column\" data-e-type=\"column\">\n\t\t\t<div class=\"elementor-widget-wrap elementor-element-populated\">\n\t\t\t\t\t\t<section class=\"elementor-section elementor-inner-section elementor-element elementor-element-78af342 elementor-section-boxed elementor-section-height-default elementor-section-height-default\" data-id=\"78af342\" data-element_type=\"section\" data-e-type=\"section\">\n\t\t\t\t\t\t<div class=\"elementor-container elementor-column-gap-default\">\n\t\t\t\t\t<div class=\"elementor-column elementor-col-100 elementor-inner-column elementor-element elementor-element-fb22efc\" data-id=\"fb22efc\" data-element_type=\"column\" data-e-type=\"column\">\n\t\t\t<div class=\"elementor-widget-wrap elementor-element-populated\">\n\t\t\t\t\t\t<div class=\"elementor-element elementor-element-07e2f30 elementor-widget elementor-widget-heading\" data-id=\"07e2f30\" data-element_type=\"widget\" data-e-type=\"widget\" data-widget_type=\"heading.default\">\n\t\t\t\t<div class=\"elementor-widget-container\">\n\t\t\t\t\t<h3 class=\"elementor-heading-title elementor-size-default\">Daniela H.<\/h3>\t\t\t\t<\/div>\n\t\t\t\t<\/div>\n\t\t\t\t<div class=\"elementor-element elementor-element-3a68518 elementor-widget elementor-widget-text-editor\" data-id=\"3a68518\" data-element_type=\"widget\" data-e-type=\"widget\" data-widget_type=\"text-editor.default\">\n\t\t\t\t<div class=\"elementor-widget-container\">\n\t\t\t\t\t\t\t\t\t<p><img loading=\"lazy\" decoding=\"async\" class=\"wp-image-5505 size-medium alignleft\" src=\"https:\/\/bibienfoto.sk\/wp-content\/uploads\/2024\/01\/230124_Adamko_07_EXP-300x240.jpg\" alt=\"\" width=\"300\" height=\"240\" srcset=\"https:\/\/bibienfoto.sk\/wp-content\/uploads\/2024\/01\/230124_Adamko_07_EXP-300x240.jpg 300w, https:\/\/bibienfoto.sk\/wp-content\/uploads\/2024\/01\/230124_Adamko_07_EXP-1024x820.jpg 1024w, https:\/\/bibienfoto.sk\/wp-content\/uploads\/2024\/01\/230124_Adamko_07_EXP-768x615.jpg 768w, https:\/\/bibienfoto.sk\/wp-content\/uploads\/2024\/01\/230124_Adamko_07_EXP.jpg 1333w\" sizes=\"(max-width: 300px) 100vw, 300px\" \/>Ve\u013ek\u00e1 spokojnos\u0165 s fotkami. \u013dubka fot\u00ed kr\u00e1sne a okrem toho aj fotenie bol pre n\u00e1s z\u00e1\u017eitok. Po\u010das fotenia sme sa c\u00edtili pr\u00edjemne. Ve\u013emi \u013eudsk\u00fd a profesion\u00e1lny pr\u00edstup.<\/p><p>\u010eakujeme kr\u00e1sne a ur\u010dite odpor\u00fa\u010dame fotenie s \u013dubkou pre v\u0161etk\u00fdch, ktor\u00ed chc\u00fa ma\u0165 kr\u00e1sne zv\u00e4\u010dnen\u00e9 spomienky na najkraj\u0161ie obdobie a k tomu aj z\u00e1\u017eitok z fotenia.<\/p>\t\t\t\t\t\t\t\t<\/div>\n\t\t\t\t<\/div>\n\t\t\t\t\t<\/div>\n\t\t<\/div>\n\t\t\t\t\t<\/div>\n\t\t<\/section>\n\t\t\t\t\t<\/div>\n\t\t<\/div>\n\t\t\t\t\t<\/div>\n\t\t<\/section>\n\t\t\t\t<\/div>\n\t\t","protected":false},"excerpt":{"rendered":"<p>referencie Erika Kandr\u00e1\u010dov\u00e1 S \u013dubkou sa pozn\u00e1me u\u017e dlho, preto sme nev\u00e1hali oslovi\u0165 ju na na\u0161e rodinn\u00e9 fotenie.Sprev\u00e1dza n\u00e1s pri vz\u00e1cnych okamihoch \u017eivota u\u017e nieko\u013eko rokov. Fotila n\u00e1s v \u010darovnom \u010dase o\u010dak\u00e1vania malej M\u00e1rie, zachytila na\u0161e prv\u00e9 spolo\u010dn\u00e9 chv\u00edle u\u017e v p\u00f4rodnici, jej prv\u00fd rok, prv\u00e9 Vianoce a mnoho \u010fal\u0161\u00edch nezabudnute\u013en\u00fdch momentov.Spolupr\u00e1cu s \u013dubkou by [&hellip;]<\/p>\n","protected":false},"author":2,"featured_media":0,"parent":0,"menu_order":0,"comment_status":"closed","ping_status":"closed","template":"","meta":{"_monsterinsights_skip_tracking":false,"footnotes":""},"class_list":["post-3020","page","type-page","status-publish","hentry"],"blocksy_meta":{"styles_descriptor":{"styles":{"desktop":"","tablet":"","mobile":""},"google_fonts":[],"version":7}},"yoast_head":"<!-- This site is optimized with the Yoast SEO plugin v28.2 - https:\/\/yoast.com\/product\/yoast-seo-wordpress\/ -->\n<title>Referencie - NOVORODENECK\u00c9, TEHOTENSK\u00c9 A RODINN\u00c9 FOTENIE<\/title>\n<meta name=\"robots\" content=\"index, follow, max-snippet:-1, max-image-preview:large, max-video-preview:-1\" \/>\n<link rel=\"canonical\" href=\"https:\/\/bibienfoto.sk\/index.php\/elementor-3020\/\" \/>\n<meta property=\"og:locale\" content=\"en_US\" \/>\n<meta property=\"og:type\" content=\"article\" \/>\n<meta property=\"og:title\" content=\"Referencie - NOVORODENECK\u00c9, TEHOTENSK\u00c9 A RODINN\u00c9 FOTENIE\" \/>\n<meta property=\"og:description\" content=\"referencie Erika Kandr\u00e1\u010dov\u00e1 S \u013dubkou sa pozn\u00e1me u\u017e dlho, preto sme nev\u00e1hali oslovi\u0165 ju na na\u0161e rodinn\u00e9 fotenie.Sprev\u00e1dza n\u00e1s pri vz\u00e1cnych okamihoch \u017eivota u\u017e nieko\u013eko rokov. Fotila n\u00e1s v \u010darovnom \u010dase o\u010dak\u00e1vania malej M\u00e1rie, zachytila na\u0161e prv\u00e9 spolo\u010dn\u00e9 chv\u00edle u\u017e v p\u00f4rodnici, jej prv\u00fd rok, prv\u00e9 Vianoce a mnoho \u010fal\u0161\u00edch nezabudnute\u013en\u00fdch momentov.Spolupr\u00e1cu s \u013dubkou by [&hellip;]\" \/>\n<meta property=\"og:url\" content=\"https:\/\/bibienfoto.sk\/index.php\/elementor-3020\/\" \/>\n<meta property=\"og:site_name\" content=\"NOVORODENECK\u00c9, TEHOTENSK\u00c9 A RODINN\u00c9 FOTENIE\" \/>\n<meta property=\"article:publisher\" content=\"https:\/\/www.facebook.com\/bibienfoto\/\" \/>\n<meta property=\"article:modified_time\" content=\"2024-01-26T21:03:14+00:00\" \/>\n<meta property=\"og:image\" content=\"http:\/\/bibienfoto.sk\/wp-content\/uploads\/2021\/09\/19_210623_foto_06-300x240.jpg\" \/>\n<meta name=\"twitter:card\" content=\"summary_large_image\" \/>\n<meta name=\"twitter:label1\" content=\"Est. reading time\" \/>\n\t<meta name=\"twitter:data1\" content=\"6 minutes\" \/>\n<script type=\"application\/ld+json\" class=\"yoast-schema-graph\">{\"@context\":\"https:\\\/\\\/schema.org\",\"@graph\":[{\"@type\":\"WebPage\",\"@id\":\"https:\\\/\\\/bibienfoto.sk\\\/index.php\\\/elementor-3020\\\/\",\"url\":\"https:\\\/\\\/bibienfoto.sk\\\/index.php\\\/elementor-3020\\\/\",\"name\":\"Referencie - NOVORODENECK\u00c9, TEHOTENSK\u00c9 A RODINN\u00c9 FOTENIE\",\"isPartOf\":{\"@id\":\"https:\\\/\\\/bibienfoto.sk\\\/#website\"},\"primaryImageOfPage\":{\"@id\":\"https:\\\/\\\/bibienfoto.sk\\\/index.php\\\/elementor-3020\\\/#primaryimage\"},\"image\":{\"@id\":\"https:\\\/\\\/bibienfoto.sk\\\/index.php\\\/elementor-3020\\\/#primaryimage\"},\"thumbnailUrl\":\"http:\\\/\\\/bibienfoto.sk\\\/wp-content\\\/uploads\\\/2021\\\/09\\\/19_210623_foto_06-300x240.jpg\",\"datePublished\":\"2022-01-13T13:02:35+00:00\",\"dateModified\":\"2024-01-26T21:03:14+00:00\",\"breadcrumb\":{\"@id\":\"https:\\\/\\\/bibienfoto.sk\\\/index.php\\\/elementor-3020\\\/#breadcrumb\"},\"inLanguage\":\"en-US\",\"potentialAction\":[{\"@type\":\"ReadAction\",\"target\":[\"https:\\\/\\\/bibienfoto.sk\\\/index.php\\\/elementor-3020\\\/\"]}]},{\"@type\":\"ImageObject\",\"inLanguage\":\"en-US\",\"@id\":\"https:\\\/\\\/bibienfoto.sk\\\/index.php\\\/elementor-3020\\\/#primaryimage\",\"url\":\"https:\\\/\\\/bibienfoto.sk\\\/wp-content\\\/uploads\\\/2021\\\/09\\\/19_210623_foto_06.jpg\",\"contentUrl\":\"https:\\\/\\\/bibienfoto.sk\\\/wp-content\\\/uploads\\\/2021\\\/09\\\/19_210623_foto_06.jpg\",\"width\":1280,\"height\":1024},{\"@type\":\"BreadcrumbList\",\"@id\":\"https:\\\/\\\/bibienfoto.sk\\\/index.php\\\/elementor-3020\\\/#breadcrumb\",\"itemListElement\":[{\"@type\":\"ListItem\",\"position\":1,\"name\":\"Home\",\"item\":\"https:\\\/\\\/bibienfoto.sk\\\/\"},{\"@type\":\"ListItem\",\"position\":2,\"name\":\"Referencie\"}]},{\"@type\":\"WebSite\",\"@id\":\"https:\\\/\\\/bibienfoto.sk\\\/#website\",\"url\":\"https:\\\/\\\/bibienfoto.sk\\\/\",\"name\":\"NOVORODENECK\u00c9, TEHOTENSK\u00c9 A RODINN\u00c9 FOTENIE\",\"description\":\"Va\u0161e nezabudnute\u013en\u00e9 em\u00f3cie\",\"publisher\":{\"@id\":\"https:\\\/\\\/bibienfoto.sk\\\/#organization\"},\"potentialAction\":[{\"@type\":\"SearchAction\",\"target\":{\"@type\":\"EntryPoint\",\"urlTemplate\":\"https:\\\/\\\/bibienfoto.sk\\\/?s={search_term_string}\"},\"query-input\":{\"@type\":\"PropertyValueSpecification\",\"valueRequired\":true,\"valueName\":\"search_term_string\"}}],\"inLanguage\":\"en-US\"},{\"@type\":\"Organization\",\"@id\":\"https:\\\/\\\/bibienfoto.sk\\\/#organization\",\"name\":\"Bibienfoto - profesion\u00e1ne novorodeneck\u00e9, tehotensk\u00e9 a rodinn\u00e9 fotenie v Ko\u0161iciach\",\"url\":\"https:\\\/\\\/bibienfoto.sk\\\/\",\"logo\":{\"@type\":\"ImageObject\",\"inLanguage\":\"en-US\",\"@id\":\"https:\\\/\\\/bibienfoto.sk\\\/#\\\/schema\\\/logo\\\/image\\\/\",\"url\":\"https:\\\/\\\/bibienfoto.sk\\\/wp-content\\\/uploads\\\/2022\\\/06\\\/cropped-unnamed.png\",\"contentUrl\":\"https:\\\/\\\/bibienfoto.sk\\\/wp-content\\\/uploads\\\/2022\\\/06\\\/cropped-unnamed.png\",\"width\":512,\"height\":512,\"caption\":\"Bibienfoto - profesion\u00e1ne novorodeneck\u00e9, tehotensk\u00e9 a rodinn\u00e9 fotenie v Ko\u0161iciach\"},\"image\":{\"@id\":\"https:\\\/\\\/bibienfoto.sk\\\/#\\\/schema\\\/logo\\\/image\\\/\"},\"sameAs\":[\"https:\\\/\\\/www.facebook.com\\\/bibienfoto\\\/\",\"https:\\\/\\\/www.instagram.com\\\/bibienfoto\\\/\"]}]}<\/script>\n<!-- \/ Yoast SEO plugin. -->","yoast_head_json":{"title":"Referencie - NOVORODENECK\u00c9, TEHOTENSK\u00c9 A RODINN\u00c9 FOTENIE","robots":{"index":"index","follow":"follow","max-snippet":"max-snippet:-1","max-image-preview":"max-image-preview:large","max-video-preview":"max-video-preview:-1"},"canonical":"https:\/\/bibienfoto.sk\/index.php\/elementor-3020\/","og_locale":"en_US","og_type":"article","og_title":"Referencie - NOVORODENECK\u00c9, TEHOTENSK\u00c9 A RODINN\u00c9 FOTENIE","og_description":"referencie Erika Kandr\u00e1\u010dov\u00e1 S \u013dubkou sa pozn\u00e1me u\u017e dlho, preto sme nev\u00e1hali oslovi\u0165 ju na na\u0161e rodinn\u00e9 fotenie.Sprev\u00e1dza n\u00e1s pri vz\u00e1cnych okamihoch \u017eivota u\u017e nieko\u013eko rokov. Fotila n\u00e1s v \u010darovnom \u010dase o\u010dak\u00e1vania malej M\u00e1rie, zachytila na\u0161e prv\u00e9 spolo\u010dn\u00e9 chv\u00edle u\u017e v p\u00f4rodnici, jej prv\u00fd rok, prv\u00e9 Vianoce a mnoho \u010fal\u0161\u00edch nezabudnute\u013en\u00fdch momentov.Spolupr\u00e1cu s \u013dubkou by [&hellip;]","og_url":"https:\/\/bibienfoto.sk\/index.php\/elementor-3020\/","og_site_name":"NOVORODENECK\u00c9, TEHOTENSK\u00c9 A RODINN\u00c9 FOTENIE","article_publisher":"https:\/\/www.facebook.com\/bibienfoto\/","article_modified_time":"2024-01-26T21:03:14+00:00","og_image":[{"url":"http:\/\/bibienfoto.sk\/wp-content\/uploads\/2021\/09\/19_210623_foto_06-300x240.jpg","type":"","width":"","height":""}],"twitter_card":"summary_large_image","twitter_misc":{"Est. reading time":"6 minutes"},"schema":{"@context":"https:\/\/schema.org","@graph":[{"@type":"WebPage","@id":"https:\/\/bibienfoto.sk\/index.php\/elementor-3020\/","url":"https:\/\/bibienfoto.sk\/index.php\/elementor-3020\/","name":"Referencie - NOVORODENECK\u00c9, TEHOTENSK\u00c9 A RODINN\u00c9 FOTENIE","isPartOf":{"@id":"https:\/\/bibienfoto.sk\/#website"},"primaryImageOfPage":{"@id":"https:\/\/bibienfoto.sk\/index.php\/elementor-3020\/#primaryimage"},"image":{"@id":"https:\/\/bibienfoto.sk\/index.php\/elementor-3020\/#primaryimage"},"thumbnailUrl":"http:\/\/bibienfoto.sk\/wp-content\/uploads\/2021\/09\/19_210623_foto_06-300x240.jpg","datePublished":"2022-01-13T13:02:35+00:00","dateModified":"2024-01-26T21:03:14+00:00","breadcrumb":{"@id":"https:\/\/bibienfoto.sk\/index.php\/elementor-3020\/#breadcrumb"},"inLanguage":"en-US","potentialAction":[{"@type":"ReadAction","target":["https:\/\/bibienfoto.sk\/index.php\/elementor-3020\/"]}]},{"@type":"ImageObject","inLanguage":"en-US","@id":"https:\/\/bibienfoto.sk\/index.php\/elementor-3020\/#primaryimage","url":"https:\/\/bibienfoto.sk\/wp-content\/uploads\/2021\/09\/19_210623_foto_06.jpg","contentUrl":"https:\/\/bibienfoto.sk\/wp-content\/uploads\/2021\/09\/19_210623_foto_06.jpg","width":1280,"height":1024},{"@type":"BreadcrumbList","@id":"https:\/\/bibienfoto.sk\/index.php\/elementor-3020\/#breadcrumb","itemListElement":[{"@type":"ListItem","position":1,"name":"Home","item":"https:\/\/bibienfoto.sk\/"},{"@type":"ListItem","position":2,"name":"Referencie"}]},{"@type":"WebSite","@id":"https:\/\/bibienfoto.sk\/#website","url":"https:\/\/bibienfoto.sk\/","name":"NOVORODENECK\u00c9, TEHOTENSK\u00c9 A RODINN\u00c9 FOTENIE","description":"Va\u0161e nezabudnute\u013en\u00e9 em\u00f3cie","publisher":{"@id":"https:\/\/bibienfoto.sk\/#organization"},"potentialAction":[{"@type":"SearchAction","target":{"@type":"EntryPoint","urlTemplate":"https:\/\/bibienfoto.sk\/?s={search_term_string}"},"query-input":{"@type":"PropertyValueSpecification","valueRequired":true,"valueName":"search_term_string"}}],"inLanguage":"en-US"},{"@type":"Organization","@id":"https:\/\/bibienfoto.sk\/#organization","name":"Bibienfoto - profesion\u00e1ne novorodeneck\u00e9, tehotensk\u00e9 a rodinn\u00e9 fotenie v Ko\u0161iciach","url":"https:\/\/bibienfoto.sk\/","logo":{"@type":"ImageObject","inLanguage":"en-US","@id":"https:\/\/bibienfoto.sk\/#\/schema\/logo\/image\/","url":"https:\/\/bibienfoto.sk\/wp-content\/uploads\/2022\/06\/cropped-unnamed.png","contentUrl":"https:\/\/bibienfoto.sk\/wp-content\/uploads\/2022\/06\/cropped-unnamed.png","width":512,"height":512,"caption":"Bibienfoto - profesion\u00e1ne novorodeneck\u00e9, tehotensk\u00e9 a rodinn\u00e9 fotenie v Ko\u0161iciach"},"image":{"@id":"https:\/\/bibienfoto.sk\/#\/schema\/logo\/image\/"},"sameAs":["https:\/\/www.facebook.com\/bibienfoto\/","https:\/\/www.instagram.com\/bibienfoto\/"]}]}},"_links":{"self":[{"href":"https:\/\/bibienfoto.sk\/index.php\/wp-json\/wp\/v2\/pages\/3020","targetHints":{"allow":["GET"]}}],"collection":[{"href":"https:\/\/bibienfoto.sk\/index.php\/wp-json\/wp\/v2\/pages"}],"about":[{"href":"https:\/\/bibienfoto.sk\/index.php\/wp-json\/wp\/v2\/types\/page"}],"author":[{"embeddable":true,"href":"https:\/\/bibienfoto.sk\/index.php\/wp-json\/wp\/v2\/users\/2"}],"replies":[{"embeddable":true,"href":"https:\/\/bibienfoto.sk\/index.php\/wp-json\/wp\/v2\/comments?post=3020"}],"version-history":[{"count":6,"href":"https:\/\/bibienfoto.sk\/index.php\/wp-json\/wp\/v2\/pages\/3020\/revisions"}],"predecessor-version":[{"id":5511,"href":"https:\/\/bibienfoto.sk\/index.php\/wp-json\/wp\/v2\/pages\/3020\/revisions\/5511"}],"wp:attachment":[{"href":"https:\/\/bibienfoto.sk\/index.php\/wp-json\/wp\/v2\/media?parent=3020"}],"curies":[{"name":"wp","href":"https:\/\/api.w.org\/{rel}","templated":true}]}}