{"id":2651,"date":"2022-01-04T14:47:17","date_gmt":"2022-01-04T13:47:17","guid":{"rendered":"http:\/\/bibienfoto.sk\/?page_id=2651"},"modified":"2025-05-01T09:14:56","modified_gmt":"2025-05-01T07:14:56","slug":"vseobecne-obchodne-podmienky","status":"publish","type":"page","link":"https:\/\/bibienfoto.sk\/index.php\/vseobecne-obchodne-podmienky\/","title":{"rendered":"V\u0161eobecn\u00e9 obchodn\u00e9 podmienky"},"content":{"rendered":"\t\t<div data-elementor-type=\"wp-page\" data-elementor-id=\"2651\" class=\"elementor elementor-2651\">\n\t\t\t\t\t\t<section class=\"elementor-section elementor-top-section elementor-element elementor-element-bddf671 elementor-section-boxed elementor-section-height-default elementor-section-height-default\" data-id=\"bddf671\" data-element_type=\"section\" data-e-type=\"section\">\n\t\t\t\t\t\t<div class=\"elementor-container elementor-column-gap-default\">\n\t\t\t\t\t<div class=\"elementor-column elementor-col-100 elementor-top-column elementor-element elementor-element-3abc36f\" data-id=\"3abc36f\" data-element_type=\"column\" data-e-type=\"column\">\n\t\t\t<div class=\"elementor-widget-wrap elementor-element-populated\">\n\t\t\t\t\t\t<div class=\"elementor-element elementor-element-a65faa4 elementor-widget elementor-widget-heading\" data-id=\"a65faa4\" data-element_type=\"widget\" data-e-type=\"widget\" data-widget_type=\"heading.default\">\n\t\t\t\t<div class=\"elementor-widget-container\">\n\t\t\t\t\t<h2 class=\"elementor-heading-title elementor-size-default\">V\u0161eobecn\u00e9 obchodn\u00e9 podmienky<\/h2>\t\t\t\t<\/div>\n\t\t\t\t<\/div>\n\t\t\t\t\t<\/div>\n\t\t<\/div>\n\t\t\t\t\t<\/div>\n\t\t<\/section>\n\t\t\t\t<section class=\"elementor-section elementor-top-section elementor-element elementor-element-c136ace elementor-section-boxed elementor-section-height-default elementor-section-height-default\" data-id=\"c136ace\" data-element_type=\"section\" data-e-type=\"section\">\n\t\t\t\t\t\t<div class=\"elementor-container elementor-column-gap-default\">\n\t\t\t\t\t<div class=\"elementor-column elementor-col-100 elementor-top-column elementor-element elementor-element-11db737\" data-id=\"11db737\" data-element_type=\"column\" data-e-type=\"column\">\n\t\t\t<div class=\"elementor-widget-wrap elementor-element-populated\">\n\t\t\t\t\t\t<div class=\"elementor-element elementor-element-a702a3b elementor-widget elementor-widget-heading\" data-id=\"a702a3b\" data-element_type=\"widget\" data-e-type=\"widget\" data-widget_type=\"heading.default\">\n\t\t\t\t<div class=\"elementor-widget-container\">\n\t\t\t\t\t<h4 class=\"elementor-heading-title elementor-size-default\">I. Z\u00e1kladn\u00e9 pojmy a v\u0161eobecn\u00e9 ustanovenia<\/h4>\t\t\t\t<\/div>\n\t\t\t\t<\/div>\n\t\t\t\t<div class=\"elementor-element elementor-element-07aabb9 elementor-widget elementor-widget-text-editor\" data-id=\"07aabb9\" data-element_type=\"widget\" data-e-type=\"widget\" data-widget_type=\"text-editor.default\">\n\t\t\t\t<div class=\"elementor-widget-container\">\n\t\t\t\t\t\t\t\t\t<p>Tieto V\u0161eobecn\u00e9 obchodn\u00e9 podmienky (\u010falej VOP) upravuj\u00fa pr\u00e1va a povinnosti zmluvn\u00fdch str\u00e1n vypl\u00fdvaj\u00face zo zmluvy o dielo uzatvorenej medzi Dod\u00e1vate\u013eom (fotografom) a Objedn\u00e1vate\u013eom (klientom). Tieto v\u0161eobecn\u00e9 obchodn\u00e9 podmienky tvoria neoddelite\u013en\u00fa s\u00fa\u010das\u0165 ka\u017edej k\u00fapnej zmluvy uzavretej vo forme ponuky zo strany dod\u00e1vate\u013ea a objedn\u00e1vky na dodanie tovaru zo strany odberate\u013ea.<\/p><p>Tieto obchodn\u00e9 podmienky sa riadia Z\u00e1konom \u010d. 513\/1991 Zb. (Obchodn\u00fd z\u00e1konn\u00edk)<\/p>\t\t\t\t\t\t\t\t<\/div>\n\t\t\t\t<\/div>\n\t\t\t\t<div class=\"elementor-element elementor-element-d643caa elementor-widget elementor-widget-text-editor\" data-id=\"d643caa\" data-element_type=\"widget\" data-e-type=\"widget\" data-widget_type=\"text-editor.default\">\n\t\t\t\t<div class=\"elementor-widget-container\">\n\t\t\t\t\t\t\t\t\t<ol><li>Za <strong>Dod\u00e1vate\u013ea<\/strong> (fotografku) sa pova\u017euje:<br \/>Bibien s.r.o., Wuppert\u00e1lska 1404\/35, 040 23 Ko\u0161ice \u2013 mestsk\u00e1 \u010das\u0165 S\u00eddlisko KVP, I\u010cO: 51221535, DI\u010c: 2120637354.\u00a0 Spolo\u010dnos\u0165 je zap\u00edsan\u00e1 v Obchodnom registri Okresn\u00e9ho s\u00fadu Ko\u0161ice I, oddiel: Sro, vlo\u017eka \u010d\u00edslo: 42738\/V.<br \/>Kontaktn\u00e9 \u00fadaje: info@bibienfoto.sk, tel. 0908 720 049.\u00a0<\/li><li>Za <b>Objedn\u00e1vate\u013ea <\/b>(klienta) sa pova\u017euje fyzick\u00e1 alebo pr\u00e1vnick\u00e1 osoba, ktor\u00e1 si slu\u017eby fotografa objednala (\u010falej len \u201eKlient\u201c), a to p\u00edsomne (sms, po\u0161tou, mailom, spr\u00e1vou cez soci\u00e1lne siete, at\u010f) alebo telefonicky.<\/li><li>Pod pojmom <strong>slu\u017eby<\/strong> sa rozumej\u00fa\u00a0 fotografick\u00e9 slu\u017eby (fotografie) pod\u013ea ponuky Dod\u00e1vate\u013ea s konkr\u00e9tnou cenou.<\/li><li><strong>Predmetom zmluvy<\/strong> je fotografick\u00fd materi\u00e1l v elektronickej (pr\u00edpadne aj tla\u010denej) podobe. Fotograf sa zav\u00e4zuje vytvori\u0165 pre klienta dielo a klient sa zav\u00e4zuje zaplati\u0165 za\u0148 fotografovi odmenu a in\u00e9 plnenia dohodnut\u00e9 pod\u013ea tejto zmluvy za ni\u017e\u0161ie uveden\u00fdch podmienok.<\/li><\/ol>\t\t\t\t\t\t\t\t<\/div>\n\t\t\t\t<\/div>\n\t\t\t\t\t<\/div>\n\t\t<\/div>\n\t\t\t\t\t<\/div>\n\t\t<\/section>\n\t\t\t\t<section class=\"elementor-section elementor-top-section elementor-element elementor-element-4583f93 elementor-section-boxed elementor-section-height-default elementor-section-height-default\" data-id=\"4583f93\" data-element_type=\"section\" data-e-type=\"section\">\n\t\t\t\t\t\t<div class=\"elementor-container elementor-column-gap-default\">\n\t\t\t\t\t<div class=\"elementor-column elementor-col-100 elementor-top-column elementor-element elementor-element-b3ae36c\" data-id=\"b3ae36c\" data-element_type=\"column\" data-e-type=\"column\">\n\t\t\t<div class=\"elementor-widget-wrap elementor-element-populated\">\n\t\t\t\t\t\t<div class=\"elementor-element elementor-element-ea4dc2e elementor-widget elementor-widget-heading\" data-id=\"ea4dc2e\" data-element_type=\"widget\" data-e-type=\"widget\" data-widget_type=\"heading.default\">\n\t\t\t\t<div class=\"elementor-widget-container\">\n\t\t\t\t\t<h4 class=\"elementor-heading-title elementor-size-default\">II. Objednanie fotografick\u00fdch slu\u017eieb<\/h4>\t\t\t\t<\/div>\n\t\t\t\t<\/div>\n\t\t\t\t<div class=\"elementor-element elementor-element-b237144 elementor-widget elementor-widget-text-editor\" data-id=\"b237144\" data-element_type=\"widget\" data-e-type=\"widget\" data-widget_type=\"text-editor.default\">\n\t\t\t\t<div class=\"elementor-widget-container\">\n\t\t\t\t\t\t\t\t\t<ol><li>Fotografka prij\u00edma objedn\u00e1vky prednostne prostredn\u00edctvom <a href=\"https:\/\/bibienfoto.sk\/index.php\/objednavka\/\">objedn\u00e1vkov\u00e9ho formul\u00e1ra,<\/a> ale m\u00f4\u017ee ich prija\u0165 aj mailom, telefonicky alebo prostredn\u00edctvom soci\u00e1lnych siet\u00ed.<\/li><li>Za nedoru\u010denie spr\u00e1vy alebo mailu\u00a0 klienta fotografka nezodpoved\u00e1, preto v pr\u00edpade ak nereaguje, je dobr\u00e9 ju kontaktova\u0165 telefonicky.<\/li><li>Fotografka odpor\u00fa\u010da vo\u00a0 v\u0161eobecnosti objedna\u0165 sa na fotenie a rezervova\u0165 si term\u00edn cca 2-3 t\u00fd\u017edne dopredu, s v\u00fdnimkou novorodeneck\u00fdch foten\u00ed.<\/li><li>Novorodeneck\u00e9 fotenie je dobr\u00e9 si objedna\u0165 u\u017e v tehotenstve. Konkr\u00e9tny term\u00edn si potom klient dohodne s fotografkou po p\u00f4rode, ide\u00e1lne e\u0161te pokia\u013e je mami\u010dka v p\u00f4rodnici.<\/li><li>Zaslan\u00edm Objedn\u00e1vky spolu s rezerv\u00e1ciou term\u00ednu fotografovania Klient prehlasuje, \u017ee s\u00fahlas\u00ed s uveden\u00fdmi VOP.<\/li><li>V\u0161eobecn\u00e1 ot\u00e1zka oh\u013eadom term\u00ednu, rozsahu a dostupnosti slu\u017eieb a pod. odoslan\u00e1 prostredn\u00edctvom <a href=\"https:\/\/bibienfoto.sk\/index.php\/kontaknty-formular\/\">kontaktn\u00e9ho formul\u00e1ra<\/a> sa nepova\u017euje za Objedn\u00e1vku.<\/li><\/ol>\t\t\t\t\t\t\t\t<\/div>\n\t\t\t\t<\/div>\n\t\t\t\t\t<\/div>\n\t\t<\/div>\n\t\t\t\t\t<\/div>\n\t\t<\/section>\n\t\t\t\t<section class=\"elementor-section elementor-top-section elementor-element elementor-element-53c4843 elementor-section-boxed elementor-section-height-default elementor-section-height-default\" data-id=\"53c4843\" data-element_type=\"section\" data-e-type=\"section\">\n\t\t\t\t\t\t<div class=\"elementor-container elementor-column-gap-default\">\n\t\t\t\t\t<div class=\"elementor-column elementor-col-100 elementor-top-column elementor-element elementor-element-79d49f7\" data-id=\"79d49f7\" data-element_type=\"column\" data-e-type=\"column\">\n\t\t\t<div class=\"elementor-widget-wrap elementor-element-populated\">\n\t\t\t\t\t\t<div class=\"elementor-element elementor-element-b2b461c elementor-widget elementor-widget-heading\" data-id=\"b2b461c\" data-element_type=\"widget\" data-e-type=\"widget\" data-widget_type=\"heading.default\">\n\t\t\t\t<div class=\"elementor-widget-container\">\n\t\t\t\t\t<h4 class=\"elementor-heading-title elementor-size-default\">III. Zru\u0161enie rezerv\u00e1cie fotografick\u00fdch slu\u017eieb<\/h4>\t\t\t\t<\/div>\n\t\t\t\t<\/div>\n\t\t\t\t<div class=\"elementor-element elementor-element-ca3c19c elementor-widget elementor-widget-text-editor\" data-id=\"ca3c19c\" data-element_type=\"widget\" data-e-type=\"widget\" data-widget_type=\"text-editor.default\">\n\t\t\t\t<div class=\"elementor-widget-container\">\n\t\t\t\t\t\t\t\t\t<ol><li>Pokia\u013e sa na dohodnut\u00e9 fotenie klient nem\u00f4\u017ee z ak\u00e9hoko\u013evek d\u00f4vodu dostavi\u0165 a bude po\u017eadova\u0165 jeho zru\u0161enie, je jeho povinnos\u0165ou ozn\u00e1mi\u0165 t\u00fato skuto\u010dnos\u0165 \u010do najsk\u00f4r fotografke telefonicky, alebo e-mailom.<\/li><li>Zru\u0161enie term\u00ednu je bezplatn\u00e9 a \u017eiadna zo str\u00e1n nem\u00e1 pr\u00e1vo po\u017eadova\u0165 ak\u00e9ko\u013evek od\u0161kodn\u00e9, \u010di in\u00e9 storno poplatky, s v\u00fdnimkou z\u00e1lohy zaplatenej klientom.<\/li><li>V pr\u00edpade, \u017ee\u00a0 bola uhraden\u00e1 z\u00e1loha a term\u00edn bude zru\u0161en\u00fd zo strany klienta, tak z\u00e1loha je nevratn\u00e1.<\/li><li>Klient m\u00e1 pr\u00e1vo po\u017eadova\u0165 n\u00e1hradn\u00fd term\u00edn na fotenie.<\/li><\/ol>\t\t\t\t\t\t\t\t<\/div>\n\t\t\t\t<\/div>\n\t\t\t\t\t<\/div>\n\t\t<\/div>\n\t\t\t\t\t<\/div>\n\t\t<\/section>\n\t\t\t\t<section class=\"elementor-section elementor-top-section elementor-element elementor-element-e0c79fe elementor-section-boxed elementor-section-height-default elementor-section-height-default\" data-id=\"e0c79fe\" data-element_type=\"section\" data-e-type=\"section\">\n\t\t\t\t\t\t<div class=\"elementor-container elementor-column-gap-default\">\n\t\t\t\t\t<div class=\"elementor-column elementor-col-100 elementor-top-column elementor-element elementor-element-6227ac6\" data-id=\"6227ac6\" data-element_type=\"column\" data-e-type=\"column\">\n\t\t\t<div class=\"elementor-widget-wrap elementor-element-populated\">\n\t\t\t\t\t\t<div class=\"elementor-element elementor-element-e6a1a1f elementor-widget elementor-widget-heading\" data-id=\"e6a1a1f\" data-element_type=\"widget\" data-e-type=\"widget\" data-widget_type=\"heading.default\">\n\t\t\t\t<div class=\"elementor-widget-container\">\n\t\t\t\t\t<h4 class=\"elementor-heading-title elementor-size-default\">IV. N\u00e1hradn\u00fd term\u00edn<\/h4>\t\t\t\t<\/div>\n\t\t\t\t<\/div>\n\t\t\t\t<div class=\"elementor-element elementor-element-9b1da96 elementor-widget elementor-widget-text-editor\" data-id=\"9b1da96\" data-element_type=\"widget\" data-e-type=\"widget\" data-widget_type=\"text-editor.default\">\n\t\t\t\t<div class=\"elementor-widget-container\">\n\t\t\t\t\t\t\t\t\t<ol><li>Ak fotenie nebude zru\u0161en\u00e9, ale jedna zo str\u00e1n bude po\u017eadova\u0165 zmenu term\u00ednu, \u017eiadna zo str\u00e1n nem\u00e1 pr\u00e1vo po\u017eadova\u0165 ak\u00e9ko\u013evek od\u0161kodn\u00e9, \u010di in\u00e9 storno poplatky.<\/li><li>V pr\u00edpade, \u017ee sa jedn\u00e1 o fotenie, kedy fotografka zaistila rekvizity, za ktor\u00e9 sa plat\u00ed z\u00e1loha a klient \u017eiada o nov\u00fd term\u00edn, je potrebn\u00e9, aby si klient op\u00e4tovne uhradil nov\u00e9 rekvizity.<br \/>Ak je tak\u00e9to fotenie posunut\u00e9 na \u017eiados\u0165 fotografky, tak klient nezodpoved\u00e1 za vzniknut\u00fa stratu a nov\u00e9 rekvizity zaist\u00ed fotografka bez n\u00e1roku na od\u0161kodn\u00e9 od klienta.\u00a0\u00a0<\/li><li>Klient si je vedom\u00fd, \u017ee v pr\u00edpade posunutia dohodnut\u00e9ho term\u00ednu, mu bude pon\u00faknut\u00fd najbli\u017e\u0161\u00ed mo\u017en\u00fd vo\u013en\u00fd term\u00edn. M\u00f4\u017ee sa v\u0161ak sta\u0165, \u017ee fotografka vhodn\u00fd vo\u013en\u00fd term\u00edn u\u017e ma\u0165 nebude (napr. pri novorodeneckom foten\u00ed).<\/li><\/ol>\t\t\t\t\t\t\t\t<\/div>\n\t\t\t\t<\/div>\n\t\t\t\t\t<\/div>\n\t\t<\/div>\n\t\t\t\t\t<\/div>\n\t\t<\/section>\n\t\t\t\t<section class=\"elementor-section elementor-top-section elementor-element elementor-element-9c0ec39 elementor-section-boxed elementor-section-height-default elementor-section-height-default\" data-id=\"9c0ec39\" data-element_type=\"section\" data-e-type=\"section\">\n\t\t\t\t\t\t<div class=\"elementor-container elementor-column-gap-default\">\n\t\t\t\t\t<div class=\"elementor-column elementor-col-100 elementor-top-column elementor-element elementor-element-d5ba4aa\" data-id=\"d5ba4aa\" data-element_type=\"column\" data-e-type=\"column\">\n\t\t\t<div class=\"elementor-widget-wrap elementor-element-populated\">\n\t\t\t\t\t\t<div class=\"elementor-element elementor-element-6efcd27 elementor-widget elementor-widget-heading\" data-id=\"6efcd27\" data-element_type=\"widget\" data-e-type=\"widget\" data-widget_type=\"heading.default\">\n\t\t\t\t<div class=\"elementor-widget-container\">\n\t\t\t\t\t<h4 class=\"elementor-heading-title elementor-size-default\">V. Platobn\u00e9 podmienky<\/h4>\t\t\t\t<\/div>\n\t\t\t\t<\/div>\n\t\t\t\t<div class=\"elementor-element elementor-element-8538649 elementor-widget elementor-widget-heading\" data-id=\"8538649\" data-element_type=\"widget\" data-e-type=\"widget\" data-widget_type=\"heading.default\">\n\t\t\t\t<div class=\"elementor-widget-container\">\n\t\t\t\t\t<h5 class=\"elementor-heading-title elementor-size-default\">1. Cena<\/h5>\t\t\t\t<\/div>\n\t\t\t\t<\/div>\n\t\t\t\t<section class=\"elementor-section elementor-inner-section elementor-element elementor-element-5bfffcc elementor-section-boxed elementor-section-height-default elementor-section-height-default\" data-id=\"5bfffcc\" data-element_type=\"section\" data-e-type=\"section\">\n\t\t\t\t\t\t<div class=\"elementor-container elementor-column-gap-default\">\n\t\t\t\t\t<div class=\"elementor-column elementor-col-100 elementor-inner-column elementor-element elementor-element-8ba16fd\" data-id=\"8ba16fd\" data-element_type=\"column\" data-e-type=\"column\">\n\t\t\t<div class=\"elementor-widget-wrap elementor-element-populated\">\n\t\t\t\t\t\t<div class=\"elementor-element elementor-element-5a2f9c3 elementor-widget elementor-widget-text-editor\" data-id=\"5a2f9c3\" data-element_type=\"widget\" data-e-type=\"widget\" data-widget_type=\"text-editor.default\">\n\t\t\t\t<div class=\"elementor-widget-container\">\n\t\t\t\t\t\t\t\t\t<p style=\"padding-left: 40px;\">1.1. Ceny jednotliv\u00fdch slu\u017eieb pre aktu\u00e1lnu sez\u00f3nu s\u00fa verejne dostupn\u00e9 webovej str\u00e1nke v <a href=\"https:\/\/bibienfoto.sk\/index.php\/cennik\/\">Cenn\u00edku<\/a> alebo je cena navrhnut\u00e1 Klientovi individu\u00e1lne na z\u00e1klade \u0161pecifick\u00fdch inform\u00e1ci\u00ed a po\u017eiadaviek z jeho strany. Individu\u00e1lne navrhnut\u00e1 cena sa ods\u00fahlasuje vz\u00e1jomn\u00fdm potvrden\u00edm oboma stranami.<\/p><p style=\"padding-left: 40px;\">1.2 V pr\u00edpade fotenia mimo Ko\u0161\u00edc, fotograf m\u00e1 pr\u00e1vo k cene uvedenej v <a href=\"https:\/\/bibienfoto.sk\/index.php\/cennik\/\">cenn\u00edku<\/a> \u00fa\u010dtova\u0165 poplatok za dopravu. Ak nie je dohodnut\u00e9 inak, po\u010d\u00edta sa 0,5\u20ac\/km jednosmerne.<\/p>\t\t\t\t\t\t\t\t<\/div>\n\t\t\t\t<\/div>\n\t\t\t\t\t<\/div>\n\t\t<\/div>\n\t\t\t\t\t<\/div>\n\t\t<\/section>\n\t\t\t\t<div class=\"elementor-element elementor-element-543c3ad elementor-widget elementor-widget-heading\" data-id=\"543c3ad\" data-element_type=\"widget\" data-e-type=\"widget\" data-widget_type=\"heading.default\">\n\t\t\t\t<div class=\"elementor-widget-container\">\n\t\t\t\t\t<h5 class=\"elementor-heading-title elementor-size-default\">2. Platba<\/h5>\t\t\t\t<\/div>\n\t\t\t\t<\/div>\n\t\t\t\t<div class=\"elementor-element elementor-element-f815340 elementor-widget elementor-widget-text-editor\" data-id=\"f815340\" data-element_type=\"widget\" data-e-type=\"widget\" data-widget_type=\"text-editor.default\">\n\t\t\t\t<div class=\"elementor-widget-container\">\n\t\t\t\t\t\t\t\t\t<p style=\"padding-left: 40px;\">1.1. Ceny jednotliv\u00fdch slu\u017eieb pre aktu\u00e1lnu sez\u00f3nu s\u00fa verejne dostupn\u00e9 webovej str\u00e1nke v <a href=\"https:\/\/bibienfoto.sk\/index.php\/cennik\/\">Cenn\u00edku<\/a> alebo je cena navrhnut\u00e1 Klientovi individu\u00e1lne na z\u00e1klade \u0161pecifick\u00fdch inform\u00e1ci\u00ed a po\u017eiadaviek z jeho strany. Individu\u00e1lne navrhnut\u00e1 cena sa ods\u00fahlasuje vz\u00e1jomn\u00fdm potvrden\u00edm oboma stranami.<\/p><p style=\"padding-left: 40px;\">1.2 V pr\u00edpade fotenia mimo Ko\u0161\u00edc, fotograf m\u00e1 pr\u00e1vo k cene uvedenej v <a href=\"https:\/\/bibienfoto.sk\/index.php\/cennik\/\">cenn\u00edku<\/a> \u00fa\u010dtova\u0165 poplatok za dopravu. Ak nie je dohodnut\u00e9 inak, po\u010d\u00edta sa 0,5\u20ac\/km jednosmerne.<\/p>\t\t\t\t\t\t\t\t<\/div>\n\t\t\t\t<\/div>\n\t\t\t\t\t<\/div>\n\t\t<\/div>\n\t\t\t\t\t<\/div>\n\t\t<\/section>\n\t\t\t\t<\/div>\n\t\t","protected":false},"excerpt":{"rendered":"<p>V\u0161eobecn\u00e9 obchodn\u00e9 podmienky I. Z\u00e1kladn\u00e9 pojmy a v\u0161eobecn\u00e9 ustanovenia Tieto V\u0161eobecn\u00e9 obchodn\u00e9 podmienky (\u010falej VOP) upravuj\u00fa pr\u00e1va a povinnosti zmluvn\u00fdch str\u00e1n vypl\u00fdvaj\u00face zo zmluvy o dielo uzatvorenej medzi Dod\u00e1vate\u013eom (fotografom) a Objedn\u00e1vate\u013eom (klientom). Tieto v\u0161eobecn\u00e9 obchodn\u00e9 podmienky tvoria neoddelite\u013en\u00fa s\u00fa\u010das\u0165 ka\u017edej k\u00fapnej zmluvy uzavretej vo forme ponuky zo strany dod\u00e1vate\u013ea a objedn\u00e1vky na dodanie tovaru [&hellip;]<\/p>\n","protected":false},"author":1,"featured_media":0,"parent":0,"menu_order":0,"comment_status":"closed","ping_status":"closed","template":"","meta":{"_monsterinsights_skip_tracking":false,"_monsterinsights_sitenote_active":false,"_monsterinsights_sitenote_note":"","_monsterinsights_sitenote_category":0,"footnotes":""},"class_list":["post-2651","page","type-page","status-publish","hentry"],"blocksy_meta":{"styles_descriptor":{"styles":{"desktop":"","tablet":"","mobile":""},"google_fonts":[],"version":6}},"yoast_head":"<!-- This site is optimized with the Yoast SEO plugin v27.5 - https:\/\/yoast.com\/product\/yoast-seo-wordpress\/ -->\n<title>V\u0161eobecn\u00e9 obchodn\u00e9 podmienky - NOVORODENECK\u00c9, TEHOTENSK\u00c9 A RODINN\u00c9 FOTENIE<\/title>\n<meta name=\"robots\" content=\"index, follow, max-snippet:-1, max-image-preview:large, max-video-preview:-1\" \/>\n<link rel=\"canonical\" href=\"https:\/\/bibienfoto.sk\/index.php\/vseobecne-obchodne-podmienky\/\" \/>\n<meta property=\"og:locale\" content=\"en_US\" \/>\n<meta property=\"og:type\" content=\"article\" \/>\n<meta property=\"og:title\" content=\"V\u0161eobecn\u00e9 obchodn\u00e9 podmienky - NOVORODENECK\u00c9, TEHOTENSK\u00c9 A RODINN\u00c9 FOTENIE\" \/>\n<meta property=\"og:description\" content=\"V\u0161eobecn\u00e9 obchodn\u00e9 podmienky I. Z\u00e1kladn\u00e9 pojmy a v\u0161eobecn\u00e9 ustanovenia Tieto V\u0161eobecn\u00e9 obchodn\u00e9 podmienky (\u010falej VOP) upravuj\u00fa pr\u00e1va a povinnosti zmluvn\u00fdch str\u00e1n vypl\u00fdvaj\u00face zo zmluvy o dielo uzatvorenej medzi Dod\u00e1vate\u013eom (fotografom) a Objedn\u00e1vate\u013eom (klientom). Tieto v\u0161eobecn\u00e9 obchodn\u00e9 podmienky tvoria neoddelite\u013en\u00fa s\u00fa\u010das\u0165 ka\u017edej k\u00fapnej zmluvy uzavretej vo forme ponuky zo strany dod\u00e1vate\u013ea a objedn\u00e1vky na dodanie tovaru [&hellip;]\" \/>\n<meta property=\"og:url\" content=\"https:\/\/bibienfoto.sk\/index.php\/vseobecne-obchodne-podmienky\/\" \/>\n<meta property=\"og:site_name\" content=\"NOVORODENECK\u00c9, TEHOTENSK\u00c9 A RODINN\u00c9 FOTENIE\" \/>\n<meta property=\"article:publisher\" content=\"https:\/\/www.facebook.com\/bibienfoto\/\" \/>\n<meta property=\"article:modified_time\" content=\"2025-05-01T07:14:56+00:00\" \/>\n<meta name=\"twitter:card\" content=\"summary_large_image\" \/>\n<meta name=\"twitter:label1\" content=\"Est. reading time\" \/>\n\t<meta name=\"twitter:data1\" content=\"3 minutes\" \/>\n<script type=\"application\/ld+json\" class=\"yoast-schema-graph\">{\"@context\":\"https:\\\/\\\/schema.org\",\"@graph\":[{\"@type\":\"WebPage\",\"@id\":\"https:\\\/\\\/bibienfoto.sk\\\/index.php\\\/vseobecne-obchodne-podmienky\\\/\",\"url\":\"https:\\\/\\\/bibienfoto.sk\\\/index.php\\\/vseobecne-obchodne-podmienky\\\/\",\"name\":\"V\u0161eobecn\u00e9 obchodn\u00e9 podmienky - NOVORODENECK\u00c9, TEHOTENSK\u00c9 A RODINN\u00c9 FOTENIE\",\"isPartOf\":{\"@id\":\"https:\\\/\\\/bibienfoto.sk\\\/#website\"},\"datePublished\":\"2022-01-04T13:47:17+00:00\",\"dateModified\":\"2025-05-01T07:14:56+00:00\",\"breadcrumb\":{\"@id\":\"https:\\\/\\\/bibienfoto.sk\\\/index.php\\\/vseobecne-obchodne-podmienky\\\/#breadcrumb\"},\"inLanguage\":\"en-US\",\"potentialAction\":[{\"@type\":\"ReadAction\",\"target\":[\"https:\\\/\\\/bibienfoto.sk\\\/index.php\\\/vseobecne-obchodne-podmienky\\\/\"]}]},{\"@type\":\"BreadcrumbList\",\"@id\":\"https:\\\/\\\/bibienfoto.sk\\\/index.php\\\/vseobecne-obchodne-podmienky\\\/#breadcrumb\",\"itemListElement\":[{\"@type\":\"ListItem\",\"position\":1,\"name\":\"Home\",\"item\":\"https:\\\/\\\/bibienfoto.sk\\\/\"},{\"@type\":\"ListItem\",\"position\":2,\"name\":\"V\u0161eobecn\u00e9 obchodn\u00e9 podmienky\"}]},{\"@type\":\"WebSite\",\"@id\":\"https:\\\/\\\/bibienfoto.sk\\\/#website\",\"url\":\"https:\\\/\\\/bibienfoto.sk\\\/\",\"name\":\"NOVORODENECK\u00c9, TEHOTENSK\u00c9 A RODINN\u00c9 FOTENIE\",\"description\":\"Va\u0161e nezabudnute\u013en\u00e9 em\u00f3cie\",\"publisher\":{\"@id\":\"https:\\\/\\\/bibienfoto.sk\\\/#organization\"},\"potentialAction\":[{\"@type\":\"SearchAction\",\"target\":{\"@type\":\"EntryPoint\",\"urlTemplate\":\"https:\\\/\\\/bibienfoto.sk\\\/?s={search_term_string}\"},\"query-input\":{\"@type\":\"PropertyValueSpecification\",\"valueRequired\":true,\"valueName\":\"search_term_string\"}}],\"inLanguage\":\"en-US\"},{\"@type\":\"Organization\",\"@id\":\"https:\\\/\\\/bibienfoto.sk\\\/#organization\",\"name\":\"Bibienfoto - profesion\u00e1ne novorodeneck\u00e9, tehotensk\u00e9 a rodinn\u00e9 fotenie v Ko\u0161iciach\",\"url\":\"https:\\\/\\\/bibienfoto.sk\\\/\",\"logo\":{\"@type\":\"ImageObject\",\"inLanguage\":\"en-US\",\"@id\":\"https:\\\/\\\/bibienfoto.sk\\\/#\\\/schema\\\/logo\\\/image\\\/\",\"url\":\"https:\\\/\\\/bibienfoto.sk\\\/wp-content\\\/uploads\\\/2022\\\/06\\\/cropped-unnamed.png\",\"contentUrl\":\"https:\\\/\\\/bibienfoto.sk\\\/wp-content\\\/uploads\\\/2022\\\/06\\\/cropped-unnamed.png\",\"width\":512,\"height\":512,\"caption\":\"Bibienfoto - profesion\u00e1ne novorodeneck\u00e9, tehotensk\u00e9 a rodinn\u00e9 fotenie v Ko\u0161iciach\"},\"image\":{\"@id\":\"https:\\\/\\\/bibienfoto.sk\\\/#\\\/schema\\\/logo\\\/image\\\/\"},\"sameAs\":[\"https:\\\/\\\/www.facebook.com\\\/bibienfoto\\\/\",\"https:\\\/\\\/www.instagram.com\\\/bibienfoto\\\/\"]}]}<\/script>\n<!-- \/ Yoast SEO plugin. -->","yoast_head_json":{"title":"V\u0161eobecn\u00e9 obchodn\u00e9 podmienky - NOVORODENECK\u00c9, TEHOTENSK\u00c9 A RODINN\u00c9 FOTENIE","robots":{"index":"index","follow":"follow","max-snippet":"max-snippet:-1","max-image-preview":"max-image-preview:large","max-video-preview":"max-video-preview:-1"},"canonical":"https:\/\/bibienfoto.sk\/index.php\/vseobecne-obchodne-podmienky\/","og_locale":"en_US","og_type":"article","og_title":"V\u0161eobecn\u00e9 obchodn\u00e9 podmienky - NOVORODENECK\u00c9, TEHOTENSK\u00c9 A RODINN\u00c9 FOTENIE","og_description":"V\u0161eobecn\u00e9 obchodn\u00e9 podmienky I. Z\u00e1kladn\u00e9 pojmy a v\u0161eobecn\u00e9 ustanovenia Tieto V\u0161eobecn\u00e9 obchodn\u00e9 podmienky (\u010falej VOP) upravuj\u00fa pr\u00e1va a povinnosti zmluvn\u00fdch str\u00e1n vypl\u00fdvaj\u00face zo zmluvy o dielo uzatvorenej medzi Dod\u00e1vate\u013eom (fotografom) a Objedn\u00e1vate\u013eom (klientom). Tieto v\u0161eobecn\u00e9 obchodn\u00e9 podmienky tvoria neoddelite\u013en\u00fa s\u00fa\u010das\u0165 ka\u017edej k\u00fapnej zmluvy uzavretej vo forme ponuky zo strany dod\u00e1vate\u013ea a objedn\u00e1vky na dodanie tovaru [&hellip;]","og_url":"https:\/\/bibienfoto.sk\/index.php\/vseobecne-obchodne-podmienky\/","og_site_name":"NOVORODENECK\u00c9, TEHOTENSK\u00c9 A RODINN\u00c9 FOTENIE","article_publisher":"https:\/\/www.facebook.com\/bibienfoto\/","article_modified_time":"2025-05-01T07:14:56+00:00","twitter_card":"summary_large_image","twitter_misc":{"Est. reading time":"3 minutes"},"schema":{"@context":"https:\/\/schema.org","@graph":[{"@type":"WebPage","@id":"https:\/\/bibienfoto.sk\/index.php\/vseobecne-obchodne-podmienky\/","url":"https:\/\/bibienfoto.sk\/index.php\/vseobecne-obchodne-podmienky\/","name":"V\u0161eobecn\u00e9 obchodn\u00e9 podmienky - NOVORODENECK\u00c9, TEHOTENSK\u00c9 A RODINN\u00c9 FOTENIE","isPartOf":{"@id":"https:\/\/bibienfoto.sk\/#website"},"datePublished":"2022-01-04T13:47:17+00:00","dateModified":"2025-05-01T07:14:56+00:00","breadcrumb":{"@id":"https:\/\/bibienfoto.sk\/index.php\/vseobecne-obchodne-podmienky\/#breadcrumb"},"inLanguage":"en-US","potentialAction":[{"@type":"ReadAction","target":["https:\/\/bibienfoto.sk\/index.php\/vseobecne-obchodne-podmienky\/"]}]},{"@type":"BreadcrumbList","@id":"https:\/\/bibienfoto.sk\/index.php\/vseobecne-obchodne-podmienky\/#breadcrumb","itemListElement":[{"@type":"ListItem","position":1,"name":"Home","item":"https:\/\/bibienfoto.sk\/"},{"@type":"ListItem","position":2,"name":"V\u0161eobecn\u00e9 obchodn\u00e9 podmienky"}]},{"@type":"WebSite","@id":"https:\/\/bibienfoto.sk\/#website","url":"https:\/\/bibienfoto.sk\/","name":"NOVORODENECK\u00c9, TEHOTENSK\u00c9 A RODINN\u00c9 FOTENIE","description":"Va\u0161e nezabudnute\u013en\u00e9 em\u00f3cie","publisher":{"@id":"https:\/\/bibienfoto.sk\/#organization"},"potentialAction":[{"@type":"SearchAction","target":{"@type":"EntryPoint","urlTemplate":"https:\/\/bibienfoto.sk\/?s={search_term_string}"},"query-input":{"@type":"PropertyValueSpecification","valueRequired":true,"valueName":"search_term_string"}}],"inLanguage":"en-US"},{"@type":"Organization","@id":"https:\/\/bibienfoto.sk\/#organization","name":"Bibienfoto - profesion\u00e1ne novorodeneck\u00e9, tehotensk\u00e9 a rodinn\u00e9 fotenie v Ko\u0161iciach","url":"https:\/\/bibienfoto.sk\/","logo":{"@type":"ImageObject","inLanguage":"en-US","@id":"https:\/\/bibienfoto.sk\/#\/schema\/logo\/image\/","url":"https:\/\/bibienfoto.sk\/wp-content\/uploads\/2022\/06\/cropped-unnamed.png","contentUrl":"https:\/\/bibienfoto.sk\/wp-content\/uploads\/2022\/06\/cropped-unnamed.png","width":512,"height":512,"caption":"Bibienfoto - profesion\u00e1ne novorodeneck\u00e9, tehotensk\u00e9 a rodinn\u00e9 fotenie v Ko\u0161iciach"},"image":{"@id":"https:\/\/bibienfoto.sk\/#\/schema\/logo\/image\/"},"sameAs":["https:\/\/www.facebook.com\/bibienfoto\/","https:\/\/www.instagram.com\/bibienfoto\/"]}]}},"_links":{"self":[{"href":"https:\/\/bibienfoto.sk\/index.php\/wp-json\/wp\/v2\/pages\/2651","targetHints":{"allow":["GET"]}}],"collection":[{"href":"https:\/\/bibienfoto.sk\/index.php\/wp-json\/wp\/v2\/pages"}],"about":[{"href":"https:\/\/bibienfoto.sk\/index.php\/wp-json\/wp\/v2\/types\/page"}],"author":[{"embeddable":true,"href":"https:\/\/bibienfoto.sk\/index.php\/wp-json\/wp\/v2\/users\/1"}],"replies":[{"embeddable":true,"href":"https:\/\/bibienfoto.sk\/index.php\/wp-json\/wp\/v2\/comments?post=2651"}],"version-history":[{"count":6,"href":"https:\/\/bibienfoto.sk\/index.php\/wp-json\/wp\/v2\/pages\/2651\/revisions"}],"predecessor-version":[{"id":5609,"href":"https:\/\/bibienfoto.sk\/index.php\/wp-json\/wp\/v2\/pages\/2651\/revisions\/5609"}],"wp:attachment":[{"href":"https:\/\/bibienfoto.sk\/index.php\/wp-json\/wp\/v2\/media?parent=2651"}],"curies":[{"name":"wp","href":"https:\/\/api.w.org\/{rel}","templated":true}]}}